{"id":12987,"date":"2024-05-01T11:04:22","date_gmt":"2024-05-01T09:04:22","guid":{"rendered":"https:\/\/getlux.sk\/aruk-visszakuldese-es-panaszok\/"},"modified":"2026-02-27T19:14:33","modified_gmt":"2026-02-27T18:14:33","slug":"aruk-visszakuldese-es-panaszok","status":"publish","type":"page","link":"https:\/\/getlux.sk\/hu\/aruk-visszakuldese-es-panaszok\/","title":{"rendered":"\u00c1ruk visszak\u00fcld\u00e9se \u00e9s panaszok"},"content":{"rendered":"\t\t<div data-elementor-type=\"wp-page\" data-elementor-id=\"12987\" class=\"elementor elementor-12987 elementor-1964\">\n\t\t\t\t<div class=\"wd-negative-gap elementor-element elementor-element-4d11c56 e-flex e-con-boxed e-con e-parent\" data-id=\"4d11c56\" data-element_type=\"container\" data-e-type=\"container\">\n\t\t\t\t\t<div class=\"e-con-inner\">\n\t\t\t\t<div class=\"elementor-element elementor-element-04cf999 elementor-widget elementor-widget-wd_text_block\" data-id=\"04cf999\" data-element_type=\"widget\" data-e-type=\"widget\" data-widget_type=\"wd_text_block.default\">\n\t\t\t\t<div class=\"elementor-widget-container\">\n\t\t\t\t\t\t\t<div class=\"wd-text-block reset-last-child text-left\">\n\t\t\t\n\t\t\t<h1 style=\"text-align: left;\">PANASZOK<\/h1><p style=\"text-align: left;\"><strong>getlux.sk online \u00e1ruh\u00e1z<\/strong><\/p><ol style=\"text-align: left;\"><li><strong><u>\u00c1ltal\u00e1nos rendelkez\u00e9sek<\/u><\/strong><\/li><\/ol><p style=\"text-align: left;\">1.1. Ez a panaszt\u00e9teli elj\u00e1r\u00e1s a m\u00f3dos\u00edtott 40\/1964. sz. Polg\u00e1ri T\u00f6rv\u00e9nyk\u00f6nyvr\u0151l sz\u00f3l\u00f3 t\u00f6rv\u00e9ny (a tov\u00e1bbiakban: \u201ePtk.\u201d), a m\u00f3dos\u00edtott 250\/2007. sz. fogyaszt\u00f3v\u00e9delemr\u0151l sz\u00f3l\u00f3 t\u00f6rv\u00e9ny (a tov\u00e1bbiakban: \u201eFogyaszt\u00f3v\u00e9delmi t\u00f6rv\u00e9ny\u201d), a m\u00f3dos\u00edtott 102\/2014. sz. fogyaszt\u00f3v\u00e9delemr\u0151l sz\u00f3l\u00f3 t\u00f6rv\u00e9ny (a tov\u00e1bbiakban: \u201eT\u00f6rv\u00e9ny\u201d), valamint a m\u00f3dos\u00edtott 22\/2004. sz. elektronikus kereskedelemr\u0151l sz\u00f3l\u00f3 t\u00f6rv\u00e9ny \u00e9rtelm\u00e9ben ker\u00fclt kidolgoz\u00e1sra. \u00c9s szab\u00e1lyozza az Elad\u00f3 k\u00f6z\u00f6tti jogviszonyt, amely a k\u00f6vetkez\u0151kb\u0151l \u00e1ll:        <\/p><p style=\"text-align: left;\">1.2. Az elad\u00f3 a c\u00e9g<\/p><p style=\"text-align: left;\">C\u00e9gn\u00e9v: magicsport s.r.o.<br>Sz\u00e9khely: Bezru\u010dova 1191\/3, Tren\u010d\u00edn 911 01, Szlov\u00e1k K\u00f6zt\u00e1rsas\u00e1g<\/p><p style=\"text-align: left;\">Bejegyezve a Trencs\u00e9ni J\u00e1r\u00e1sb\u00edr\u00f3s\u00e1g C\u00e9gnyilv\u00e1ntart\u00e1s\u00e1ba, szekci\u00f3: Kft., iktat\u00f3sz\u00e1m: 34530\/R<br>C\u00e9gjegyz\u00e9ksz\u00e1m: 48242373 <\/p><p style=\"text-align: left;\">Ad\u00f3sz\u00e1m: SK2120122345<br>Banksz\u00e1mla: IBAN:SK82 1100 0000 0029 4103 8640, BIC: TATRSKBX a Tatra banka, a.s.-n bel\u00fcl<\/p><p style=\"text-align: left;\">Az elad\u00f3 \u00c1FA-fizet\u0151 \/\u00c1ltal\u00e1nos \u00c9rt\u00e9kad\u00f3-alany\/<\/p><p style=\"text-align: left;\">(a tov\u00e1bbiakban: \u201eElad\u00f3\u201d), valamint b\u00e1rmely olyan szem\u00e9ly, aki az Elad\u00f3 \u00e1ltal az Elad\u00f3 Online \u00c1ruh\u00e1z\u00e1ban k\u00edn\u00e1lt \u00e1ruk vagy szolg\u00e1ltat\u00e1sok Vev\u0151je, \u00e9s aki fogyaszt\u00f3k\u00e9nt j\u00e1r el az Elad\u00f3 Online \u00c1ruh\u00e1z\u00e1ban k\u00f6zz\u00e9tett \u00c1ltal\u00e1nos Szerz\u0151d\u00e9si Felt\u00e9telek, a jelen Panaszkezel\u00e9si Elj\u00e1r\u00e1s \u00e9s a fogyaszt\u00f3t meghat\u00e1roz\u00f3 vonatkoz\u00f3 t\u00f6rv\u00e9nyek \u00e9rtelm\u00e9ben, a Szlov\u00e1k K\u00f6zt\u00e1rsas\u00e1g alkalmazand\u00f3 jogszab\u00e1lyai \u00e9rtelm\u00e9ben, k\u00fcl\u00f6n\u00f6sen a k\u00f6vetkez\u0151 t\u00f6rv\u00e9nyek \u00e9rtelm\u00e9ben: a t\u00e1voll\u00e9v\u0151k k\u00f6z\u00f6tt vagy az Elad\u00f3 \u00fczlethelyis\u00e9g\u00e9n k\u00edv\u00fcl k\u00f6t\u00f6tt szerz\u0151d\u00e9s alapj\u00e1n \u00e1ruk ad\u00e1sv\u00e9tele vagy szolg\u00e1ltat\u00e1sok ny\u00fajt\u00e1sa eset\u00e9n a fogyaszt\u00f3v\u00e9delemr\u0151l sz\u00f3l\u00f3 m\u00f3dos\u00edtott 102\/2014. sz. t\u00f6rv\u00e9ny, a m\u00f3dos\u00edtott 250\/2007. sz. fogyaszt\u00f3v\u00e9delemr\u0151l sz\u00f3l\u00f3 m\u00f3dos\u00edtott 250\/1964. sz. t\u00f6rv\u00e9ny, valamint a m\u00f3dos\u00edtott 40\/1964. sz. Polg\u00e1ri T\u00f6rv\u00e9nyk\u00f6nyvr\u0151l sz\u00f3l\u00f3 m\u00f3dos\u00edtott 40\/1964. sz. t\u00f6rv\u00e9ny.    <\/p><p style=\"text-align: left;\">1.3. Az Elad\u00f3 e-mail \u00e9s telefonos el\u00e9rhet\u0151s\u00e9ge:<\/p><p style=\"text-align: left;\">Email: info@getlux.sk<\/p><p style=\"text-align: left;\">Telefonsz\u00e1m: 0903 990 033<\/p><p style=\"text-align: left;\">1.4. A dokumentumok, panaszok, szerz\u0151d\u00e9sekt\u0151l val\u00f3 el\u00e1ll\u00e1sok stb. k\u00fcld\u00e9si c\u00edme:<\/p><p style=\"text-align: left;\">magicsport s.r.o., Bezru\u010dova 1191\/3, Tren\u010d\u00edn 911 01, Szlov\u00e1k K\u00f6zt\u00e1rsas\u00e1g<\/p><p style=\"text-align: left;\">1.5. Ez a panaszkezel\u00e9si elj\u00e1r\u00e1s szab\u00e1lyozza a Vev\u0151, aki fogyaszt\u00f3, jogait \u00e9s k\u00f6telezetts\u00e9geit, amikor az Elad\u00f3val az Elad\u00f3 getlux.sk e-kereskedelmi weboldal\u00e1n kereszt\u00fcl k\u00f6t\u00f6tt t\u00e1v\u00e9rt\u00e9kes\u00edt\u00e9si szerz\u0151d\u00e9s alapj\u00e1n a term\u00e9k (\u00e1ru) vagy szolg\u00e1ltat\u00e1s hib\u00e1ib\u00f3l ered\u0151 jogait gyakorolja.<\/p><p style=\"text-align: left;\">1.6. A Vev\u0151 b\u00e1rmely olyan szem\u00e9ly (term\u00e9szetes vagy jogi szem\u00e9ly), aki elektronikus megrendel\u0151lapon kereszt\u00fcl, az Elad\u00f3 weboldal\u00e1n vagy m\u00e1s t\u00e1vk\u00f6zl\u00e9si eszk\u00f6z\u00f6n kereszt\u00fcl megrendel\u00e9st adott le.<\/p><p style=\"text-align: left;\">1.7. A fogyaszt\u00f3 az a term\u00e9szetes szem\u00e9ly Vev\u0151, aki az Elad\u00f3 online \u00e1ruh\u00e1z\u00e1n kereszt\u00fcl ad\u00e1sv\u00e9teli szerz\u0151d\u00e9s megk\u00f6t\u00e9sekor nem \u00fczleti tev\u00e9kenys\u00e9ge k\u00f6r\u00e9ben j\u00e1r el.<\/p><p style=\"text-align: left;\">1.8. Jelen panaszkezel\u00e9si elj\u00e1r\u00e1sok a fogyaszt\u00f3nak min\u0151s\u00fcl\u0151 Vev\u0151k \u00e9s az Elad\u00f3 k\u00f6z\u00f6tti jogviszonyt szab\u00e1lyozz\u00e1k. A jelen panaszkezel\u00e9si elj\u00e1r\u00e1sok 4.12. pontj\u00e1ban foglalt kiv\u00e9tellel (Az Elad\u00f3 nyilatkozata a j\u00f3t\u00e1ll\u00e1si id\u0151szakr\u00f3l abban az esetben, ha a Vev\u0151 nem Fogyaszt\u00f3).  <\/p><p style=\"text-align: left;\">1.9. A Term\u00e9kek (a tov\u00e1bbiakban: \u201eDolgok\u201d) olyan \u00e1ruk, szolg\u00e1ltat\u00e1sok \u00e9s elektronikus tartalmak, amelyeket nem k\u00e9zzelfoghat\u00f3 adathordoz\u00f3n sz\u00e1ll\u00edtanak, \u00e9s amelyeket \u00e9rt\u00e9kes\u00edt\u00e9sre sz\u00e1nnak, \u00e9s amelyeket az Elad\u00f3 Online \u00c1ruh\u00e1z\u00e1ban is k\u00f6zz\u00e9tesznek.<\/p><p style=\"text-align: left;\"><strong><u>2. Linkek<\/u><\/strong><\/p><p style=\"text-align: left;\">2.1. A Polg\u00e1ri T\u00f6rv\u00e9nyk\u00f6nyvr\u0151l sz\u00f3l\u00f3 40\/1964. sz. t\u00f6rv\u00e9ny \u00e1ltal\u00e1nos rendelkez\u00e9sein t\u00falmen\u0151en az Elad\u00f3nak az \u00e1ruk vagy szolg\u00e1ltat\u00e1sok hib\u00e1i\u00e9rt val\u00f3 felel\u0151ss\u00e9g\u00e9re (valamint a szerz\u0151d\u00e9ses jogviszonyb\u00f3l ered\u0151 egy\u00e9b jogviszonyokra) olyan term\u00e9szetes szem\u00e9lyekkel szemben, akik ad\u00e1sv\u00e9teli szerz\u0151d\u00e9s megk\u00f6t\u00e9sekor nem \u00fczleti tev\u00e9kenys\u00e9g\u00fck k\u00f6r\u00e9ben j\u00e1rnak el (fogyaszt\u00f3k), k\u00fcl\u00f6n\u00f6s szab\u00e1lyoz\u00e1sok is vonatkoznak, k\u00fcl\u00f6n\u00f6sen a t\u00e1voll\u00e9v\u0151k k\u00f6z\u00f6tt vagy az Elad\u00f3 \u00fczlethelyis\u00e9g\u00e9n k\u00edv\u00fcl k\u00f6t\u00f6tt szerz\u0151d\u00e9s alapj\u00e1n \u00e1ruk ad\u00e1sv\u00e9tele vagy szolg\u00e1ltat\u00e1sok ny\u00fajt\u00e1sa eset\u00e9n a fogyaszt\u00f3v\u00e9delemr\u0151l sz\u00f3l\u00f3 102\/2014. sz. t\u00f6rv\u00e9ny, valamint a fogyaszt\u00f3v\u00e9delemr\u0151l sz\u00f3l\u00f3 250\/2007. sz. t\u00f6rv\u00e9ny.    <\/p><p style=\"text-align: left;\">2.2. Az Elad\u00f3 \u00e9s a Vev\u0151 \u2013 aki jogi szem\u00e9ly vagy term\u00e9szetes szem\u00e9ly, \u00fczleti tev\u00e9kenys\u00e9ge k\u00f6r\u00e9ben elj\u00e1r\u00f3 v\u00e1llalkoz\u00f3 \/nem fogyaszt\u00f3i min\u0151s\u00e9gben l\u00e9v\u0151 szem\u00e9lyek\/ \u2013 k\u00f6z\u00f6tti, a hib\u00e1k\u00e9rt val\u00f3 felel\u0151ss\u00e9gb\u0151l ered\u0151 jogviszonyokat az 513\/1991. sz. kereskedelmi t\u00f6rv\u00e9nyk\u00f6nyvr\u0151l sz\u00f3l\u00f3, m\u00f3dos\u00edtott t\u00f6rv\u00e9ny szab\u00e1lyozza. A jelen Reklam\u00e1ci\u00f3s Elj\u00e1r\u00e1s 4.12. pontj\u00e1ban foglalt kiv\u00e9tellel (Az Elad\u00f3 nyilatkozata a j\u00f3t\u00e1ll\u00e1si id\u0151szakr\u00f3l abban az esetben, ha a Vev\u0151 nem fogyaszt\u00f3).    <\/p><p style=\"text-align: left;\">2.3. A 102\/2014. sz. t\u00f6rv\u00e9ny 3. \u00a7-\u00e1nak (1) bekezd\u00e9s\u00e9nek n) pontja \u00e9rtelm\u00e9ben az Elad\u00f3 t\u00e1j\u00e9koztatja a Fogyaszt\u00f3t, hogy nincsenek olyan k\u00fcl\u00f6nleges vonatkoz\u00f3 magatart\u00e1si k\u00f3dexek, amelyek betart\u00e1s\u00e1ra az Elad\u00f3 k\u00f6telezetts\u00e9get v\u00e1llalt volna, ahol a magatart\u00e1si k\u00f3dex alatt olyan meg\u00e1llapod\u00e1st vagy szab\u00e1lyrendszert kell \u00e9rteni, amely meghat\u00e1rozza az Elad\u00f3 viselked\u00e9s\u00e9t, aki egy vagy t\u00f6bb konkr\u00e9t \u00fczleti gyakorlattal vagy \u00fczleti \u00e1gazattal (ha ezeket nem t\u00f6rv\u00e9ny vagy m\u00e1s jogszab\u00e1ly vagy k\u00f6zigazgat\u00e1si szerv int\u00e9zked\u00e9se \u00edrja el\u0151) kapcsolatban k\u00f6telezetts\u00e9get v\u00e1llalt ezen magatart\u00e1si k\u00f3dex betart\u00e1s\u00e1ra, \u00e9s azt a m\u00f3dot, ahogyan a Fogyaszt\u00f3 megismerheti ezeket, vagy megszerezheti a sz\u00f6veg\u00fcket.   <\/p><p style=\"text-align: left;\"><strong><u>3. Az elad\u00f3 felel\u0151ss\u00e9ge a term\u00e9khib\u00e1k\u00e9rt (\u00e1ruk \u00e9s szolg\u00e1ltat\u00e1sok)<\/u><\/strong><\/p><p style=\"text-align: left;\">3.1. Az elad\u00f3 k\u00f6teles a term\u00e9ket (\u00e1rut) vagy szolg\u00e1ltat\u00e1st a megk\u00f6t\u00f6tt ad\u00e1sv\u00e9teli szerz\u0151d\u00e9snek megfelel\u0151en, azaz a k\u00edv\u00e1nt min\u0151s\u00e9gben, mennyis\u00e9gben \u00e9s hib\u00e1k (t\u00e9nybeli, jogi) n\u00e9lk\u00fcl sz\u00e1ll\u00edtani.<\/p><p style=\"text-align: left;\">3.2. Az Elad\u00f3 felel\u0151s azok\u00e9rt a hib\u00e1k\u00e9rt, amelyek az eladott term\u00e9kben vagy szolg\u00e1ltat\u00e1sban a Vev\u0151 \u00e1ltali \u00e1tv\u00e9telkor fenn\u00e1llnak. Amennyiben a term\u00e9ket nem haszn\u00e1lj\u00e1k, az Elad\u00f3 felel\u0151s azok\u00e9rt a hib\u00e1k\u00e9rt, amelyek a j\u00f3t\u00e1ll\u00e1si (j\u00f3t\u00e1ll\u00e1si) id\u0151n bel\u00fcl az \u00e1tv\u00e9tel ut\u00e1n mer\u00fclnek fel. Az Elad\u00f3 azt javasolja, hogy a Vev\u0151 indokolatlan k\u00e9sedelem n\u00e9lk\u00fcl jelentse az \u00e1ru vagy szolg\u00e1ltat\u00e1s hib\u00e1it az Elad\u00f3nak. Haszn\u00e1lt term\u00e9kek eset\u00e9ben az Elad\u00f3 nem felel\u0151s a haszn\u00e1latukb\u00f3l vagy elhaszn\u00e1l\u00f3d\u00e1sukb\u00f3l ered\u0151 hib\u00e1k\u00e9rt. Alacsonyabb \u00e1ron eladott term\u00e9kek eset\u00e9ben az Elad\u00f3 nem felel\u0151s az olyan hib\u00e1k\u00e9rt, amelyekre alacsonyabb \u00e1rat \u00e1llapodtak meg.    <\/p><p style=\"text-align: left;\">3.3. A vev\u0151 jogosult az eladott term\u00e9ket vagy szolg\u00e1ltat\u00e1st \u00e1tv\u00e9tel el\u0151tt megvizsg\u00e1lni.<\/p><p style=\"text-align: left;\"><strong><u>4. J\u00f3t\u00e1ll\u00e1si id\u0151szak<\/u><\/strong><\/p><p style=\"text-align: left;\">4.1. A j\u00f3t\u00e1ll\u00e1si id\u0151 24 h\u00f3nap. A haszn\u00e1lt term\u00e9kek j\u00f3t\u00e1ll\u00e1si ideje 12 h\u00f3nap. A j\u00f3t\u00e1ll\u00e1si id\u0151szak a term\u00e9k vagy a szolg\u00e1ltat\u00e1s Vev\u0151 \u00e1ltali \u00e1tv\u00e9tel\u00e9nek napj\u00e1t\u00f3l kezd\u0151dik.  <\/p><p style=\"text-align: left;\">4.2. Az Elad\u00f3 felel\u0151s azok\u00e9rt a hib\u00e1k\u00e9rt, amelyek az \u00e1ru \u00e1tv\u00e9tele ut\u00e1n, a j\u00f3t\u00e1ll\u00e1si id\u0151szak (j\u00f3t\u00e1ll\u00e1s) alatt keletkeznek. A j\u00f3t\u00e1ll\u00e1si id\u0151szak 24 h\u00f3nap. Amennyiben az eladott \u00e1ru, annak csomagol\u00e1sa vagy a hozz\u00e1 tartoz\u00f3 haszn\u00e1lati utas\u00edt\u00e1s haszn\u00e1lati id\u0151szakot jelez, a j\u00f3t\u00e1ll\u00e1si id\u0151szak ezen id\u0151szak lej\u00e1rta el\u0151tt nem \u00e9r v\u00e9get.  <\/p><p style=\"text-align: left;\">4.3. Haszn\u00e1lt term\u00e9k eset\u00e9n a Vev\u0151 \u00e9s az Elad\u00f3 r\u00f6videbb, de legal\u00e1bb 12 h\u00f3napos j\u00f3t\u00e1ll\u00e1si id\u0151szakban is meg\u00e1llapodhatnak.<\/p><p style=\"text-align: left;\">4.4. A hosszabb ideig t\u00f6rt\u00e9n\u0151 haszn\u00e1latra sz\u00e1nt term\u00e9kek eset\u00e9ben k\u00fcl\u00f6n el\u0151\u00edr\u00e1sok \u00edrnak el\u0151 24 h\u00f3napn\u00e1l hosszabb j\u00f3t\u00e1ll\u00e1si id\u0151t. A 24 h\u00f3napn\u00e1l hosszabb j\u00f3t\u00e1ll\u00e1si id\u0151 csak a term\u00e9k egy r\u00e9sz\u00e9re vonatkozhat. <\/p><p style=\"text-align: left;\">4.5. A Vev\u0151 k\u00e9r\u00e9s\u00e9re az Elad\u00f3 k\u00f6teles \u00edr\u00e1sbeli garanci\u00e1t (garancialevelet) adni. Amennyiben az \u00fcgy jellege megengedi, elegend\u0151 a v\u00e1s\u00e1rl\u00e1st igazol\u00f3 bizonylat ki\u00e1ll\u00edt\u00e1sa a garancialev\u00e9l helyett. <\/p><p style=\"text-align: left;\">4.6. Az Elad\u00f3 a Vev\u0151nek ki\u00e1ll\u00edtott j\u00f3t\u00e1ll\u00e1si jegyben vagy a rekl\u00e1mban tett nyilatkozattal a jelen t\u00f6rv\u00e9nyben meghat\u00e1rozott j\u00f3t\u00e1ll\u00e1son t\u00falmutat\u00f3 j\u00f3t\u00e1ll\u00e1st is ny\u00fajthat. Az Elad\u00f3nak a j\u00f3t\u00e1ll\u00e1si jegyben meg kell hat\u00e1roznia ezen j\u00f3t\u00e1ll\u00e1s felt\u00e9teleit \u00e9s terjedelm\u00e9t. <\/p><p style=\"text-align: left;\">4.7. A j\u00f3t\u00e1ll\u00e1si id\u0151szakok a Vev\u0151 \u00e1ltali \u00e1tv\u00e9tel id\u0151pontj\u00e1t\u00f3l kezd\u0151dnek. Amennyiben a megv\u00e1s\u00e1rolt term\u00e9ket az Elad\u00f3t\u00f3l elt\u00e9r\u0151 v\u00e1llalkoz\u00f3 helyezi \u00fczembe, a j\u00f3t\u00e1ll\u00e1si id\u0151szak a term\u00e9k \u00fczembe helyez\u00e9s\u00e9nek id\u0151pontj\u00e1t\u00f3l kezd\u0151dik, felt\u00e9ve, hogy a Vev\u0151 az \u00fczembe helyez\u00e9st legk\u00e9s\u0151bb a term\u00e9k \u00e1tv\u00e9tel\u00e9t\u0151l sz\u00e1m\u00edtott h\u00e1rom h\u00e9ten bel\u00fcl megrendelte, \u00e9s a szolg\u00e1ltat\u00e1s teljes\u00edt\u00e9s\u00e9hez sz\u00fcks\u00e9ges egy\u00fcttm\u0171k\u00f6d\u00e9st id\u0151ben biztos\u00edtotta. <\/p><p style=\"text-align: left;\">4.8. Ha a term\u00e9ket egy \u00fajra cser\u00e9lik, a j\u00f3t\u00e1ll\u00e1si id\u0151szak az \u00faj term\u00e9k \u00e1tv\u00e9tel\u00e9nek napj\u00e1t\u00f3l \u00fajraindul.<\/p><p style=\"text-align: left;\">4.9. Ha egy \u00faj term\u00e9k egy r\u00e9sz\u00e9t kicser\u00e9lik, amennyiben a term\u00e9k jellege ezt lehet\u0151v\u00e9 teszi, az eml\u00edtett alkatr\u00e9szre vonatkoz\u00f3 j\u00f3t\u00e1ll\u00e1si id\u0151szak az \u00faj term\u00e9k \u00e1tv\u00e9tel\u00e9nek napj\u00e1t\u00f3l \u00fajraindul. Ugyanez vonatkozik arra az esetre is, ha a term\u00e9k azon r\u00e9sz\u00e9t cser\u00e9lik ki, amelyre j\u00f3t\u00e1ll\u00e1s vonatkozott.  <\/p><p style=\"text-align: left;\">4.10. A j\u00f3t\u00e1ll\u00e1si id\u0151szak hat\u00e1lya al\u00e1 tartoz\u00f3 term\u00e9kek hib\u00e1i\u00e9rt val\u00f3 felel\u0151ss\u00e9gb\u0151l ered\u0151 jogok megsz\u0171nnek, ha azokat a j\u00f3t\u00e1ll\u00e1si id\u0151szakon bel\u00fcl nem gyakorolj\u00e1k.<\/p><p style=\"text-align: left;\">4.11. A j\u00f3t\u00e1ll\u00e1si id\u0151szak meghosszabbodik azzal az id\u0151szakkal, amelyre az \u00e1rura reklam\u00e1ci\u00f3 vonatkozott. A j\u00f3t\u00e1ll\u00e1si id\u0151szak hat\u00e1lya al\u00e1 tartoz\u00f3 \u00e1ruk hib\u00e1i\u00e9rt val\u00f3 felel\u0151ss\u00e9gb\u0151l ered\u0151 jogok megsz\u0171nnek, ha azokat a j\u00f3t\u00e1ll\u00e1si id\u0151szakon bel\u00fcl nem gyakorolt\u00e1k. <\/p><p style=\"text-align: left;\">4.12. Az 513\/1991. sz\u00e1m\u00fa kereskedelmi t\u00f6rv\u00e9nyk\u00f6nyv m\u00f3dos\u00edtott 429. \u00a7-\u00e1nak 2. bekezd\u00e9se \u00e9rtelm\u00e9ben az Elad\u00f3 kijelenti, hogy az Elad\u00f3 \u00e9s a nem fogyaszt\u00f3k\u00e9nt elj\u00e1r\u00f3 Vev\u0151 k\u00f6z\u00f6tti \u00fczleti kapcsolatokban a j\u00f3t\u00e1ll\u00e1si id\u0151szak hossza eset\u00e9n az Elad\u00f3 12 h\u00f3napos j\u00f3t\u00e1ll\u00e1st v\u00e1llal az \u00e1ruk min\u0151s\u00e9g\u00e9re. A j\u00f3t\u00e1ll\u00e1si id\u0151szak a jelen Reklam\u00e1ci\u00f3s Elj\u00e1r\u00e1s IV. cikk\u00e9nek 4.1. pontj\u00e1ban foglalt rendelkez\u00e9sek szerint kezd\u0151dik.      <\/p><p style=\"text-align: left;\"><strong><u>5. A kell\u00e9kszavatoss\u00e1gb\u00f3l ered\u0151 jogok gyakorl\u00e1s\u00e1nak elj\u00e1r\u00e1sa (Reklam\u00e1ci\u00f3)<\/u><\/strong><\/p><p style=\"text-align: left;\">5.1. A vev\u0151 jogosult a term\u00e9k, \u00e1ru vagy szolg\u00e1ltat\u00e1s hib\u00e1ib\u00f3l ered\u0151 felel\u0151ss\u00e9gi jogait a k\u00f6vetkez\u0151 c\u00edmen gyakorolni: magicsport s.r.o., Bezru\u010dova 1191\/3, Tren\u010d\u00edn 911 01, Szlov\u00e1k K\u00f6zt\u00e1rsas\u00e1g<\/p><p style=\"text-align: left;\">A Vev\u0151 b\u00e1rmikor \u00e9lhet a panasz beny\u00fajt\u00e1s\u00e1nak jog\u00e1val szem\u00e9lyesen az Elad\u00f3 b\u00e1rmely olyan telephely\u00e9n, ahol a term\u00e9k jellege miatt a panasz elfogad\u00e1sa lehets\u00e9ges, vagy az Elad\u00f3 sz\u00e9khely\u00e9n, vagy harmadik feleken, pl. sz\u00e1ll\u00edtm\u00e1nyoz\u00f3 c\u00e9geken, postai megb\u00edz\u00f3 c\u00e9geken, a Szlov\u00e1k Post\u00e1n stb. kereszt\u00fcl. Az Elad\u00f3 azt javasolja, hogy a Vev\u0151k a PANASZBEJELENT\u00c9SI \u0170RLAPOT haszn\u00e1lj\u00e1k panasz beny\u00fajt\u00e1s\u00e1ra.  <\/p><p style=\"text-align: left;\">Panaszt\u00e9telkor az Elad\u00f3 azt javasolja, hogy a Vev\u0151 sz\u00e1ml\u00e1t, j\u00f3t\u00e1ll\u00e1si jegyet vagy m\u00e1s, a reklam\u00e1lt \u00e1ruk vagy szolg\u00e1ltat\u00e1sok Elad\u00f3t\u00f3l t\u00f6rt\u00e9n\u0151 megv\u00e1s\u00e1rl\u00e1s\u00e1t igazol\u00f3 dokumentumot mutasson be. Az Elad\u00f3 azt javasolja, hogy a Vev\u0151 a panaszt\u00e9telkor \u00edrja le az \u00e1ruk vagy szolg\u00e1ltat\u00e1sok hib\u00e1j\u00e1t. <\/p><p style=\"text-align: left;\">5.1.1. Amennyiben a Vev\u0151 szem\u00e9lyesen k\u00edv\u00fcl ny\u00fajt be panaszt az \u00e1ruval vagy a szolg\u00e1ltat\u00e1ssal kapcsolatban, az Elad\u00f3 azt javasolja, hogy a Vev\u0151 a reklam\u00e1ci\u00f3 felgyors\u00edt\u00e1sa \u00e9rdek\u00e9ben a hib\u00e1t a Vev\u0151 hib\u00e1j\u00e1nak r\u00e9szletes le\u00edr\u00e1s\u00e1val \u00e9s az Elad\u00f3t\u00f3l t\u00f6rt\u00e9n\u0151 v\u00e1s\u00e1rl\u00e1s\u00e1t igazol\u00f3 dokumentummal (p\u00e9ld\u00e1ul fizet\u00e9si bizonylat, sz\u00e1mla, j\u00f3t\u00e1ll\u00e1si jegy) egy\u00fctt k\u00fcldje el az \u00e1rut.<\/p><p style=\"text-align: left;\">5.1.2. Reklam\u00e1ci\u00f3 eset\u00e9n javasoljuk az \u00e1ru aj\u00e1nlott k\u00fcldem\u00e9nyk\u00e9nt t\u00f6rt\u00e9n\u0151 visszak\u00fcld\u00e9s\u00e9t. Az Elad\u00f3 azt javasolja, hogy ne ut\u00e1nv\u00e9tes k\u00fcldem\u00e9nyk\u00e9nt k\u00fcldje vissza az \u00e1rut, mivel azt az Elad\u00f3 nem fogadja el. <\/p><p style=\"text-align: left;\">5.1.3. Az Elad\u00f3 k\u00f6teles a Fogyaszt\u00f3nak visszaigazol\u00e1st adni a panasz beny\u00fajt\u00e1sakor. Amennyiben a panaszt t\u00e1vk\u00f6zl\u00e9si eszk\u00f6z \u00fatj\u00e1n teszik, az Elad\u00f3 k\u00f6teles a panasz visszaigazol\u00e1s\u00e1t halad\u00e9ktalanul k\u00e9zbes\u00edteni a Fogyaszt\u00f3nak; ha a visszaigazol\u00e1s azonnali k\u00e9zbes\u00edt\u00e9se nem lehets\u00e9ges, azt indokolatlan k\u00e9sedelem n\u00e9lk\u00fcl, de legk\u00e9s\u0151bb a panasz rendez\u00e9s\u00e9t igazol\u00f3 dokumentummal egy\u00fctt kell k\u00e9zbes\u00edteni; a panasz visszaigazol\u00e1s\u00e1t nem kell k\u00e9zbes\u00edteni, ha a Fogyaszt\u00f3nak lehet\u0151s\u00e9ge van m\u00e1s m\u00f3don bizony\u00edtani a k\u00f6vetel\u00e9s\u00e9t. <\/p><p style=\"text-align: left;\">5.1.4. Az elad\u00f3 k\u00f6teles \u00edr\u00e1sbeli okiratot ki\u00e1ll\u00edtani a panasz rendez\u00e9s\u00e9nek igazol\u00e1s\u00e1r\u00f3l a panasz beny\u00fajt\u00e1s\u00e1nak napj\u00e1t\u00f3l sz\u00e1m\u00edtott 30 napon bel\u00fcl, de legk\u00e9s\u0151bb a panasz rendez\u00e9s\u00e9t igazol\u00f3 okirattal egy\u00fctt, ha a rendez\u00e9si hat\u00e1rid\u0151 a panasz t\u00e1rgy\u00e1nak az elad\u00f3 \u00e1ltali k\u00e9zhezv\u00e9tel\u00e9nek napj\u00e1t\u00f3l kezd\u0151d\u00f6tt.<\/p><p style=\"text-align: left;\">5.2. A panasz kezel\u00e9se nem \u00e9rinti a fogyaszt\u00f3 k\u00e1rt\u00e9r\u00edt\u00e9shez val\u00f3 jog\u00e1t k\u00fcl\u00f6n szab\u00e1lyoz\u00e1s alapj\u00e1n.<\/p><p style=\"text-align: left;\">5.3. Az elad\u00f3 k\u00f6teles meghat\u00e1rozni a panasz kezel\u00e9s\u00e9nek m\u00f3dj\u00e1t a m\u00f3dos\u00edtott 250\/2007. sz. t\u00f6rv\u00e9ny 2. \u00a7 m) pontja \u00e9rtelm\u00e9ben (a panasz kezel\u00e9se alatt a panaszkezel\u00e9si elj\u00e1r\u00e1s befejez\u00e9s\u00e9t kell \u00e9rteni a megjav\u00edtott term\u00e9k \u00e1tad\u00e1s\u00e1val, a term\u00e9k kicser\u00e9l\u00e9s\u00e9vel, a term\u00e9k v\u00e9tel\u00e1r\u00e1nak visszat\u00e9r\u00edt\u00e9s\u00e9vel, a term\u00e9k \u00e1r\u00e1b\u00f3l megfelel\u0151 kedvezm\u00e9ny kifizet\u00e9s\u00e9vel, a teljes\u00edt\u00e9s \u00e1tv\u00e9tel\u00e9re vonatkoz\u00f3 \u00edr\u00e1sbeli felsz\u00f3l\u00edt\u00e1ssal vagy annak indokolt megtagad\u00e1s\u00e1val) halad\u00e9ktalanul, \u00f6sszetett esetekben legk\u00e9s\u0151bb a panasz beny\u00fajt\u00e1s\u00e1t\u00f3l sz\u00e1m\u00edtott 3 munkanapon bel\u00fcl, indokolt esetekben, k\u00fcl\u00f6n\u00f6sen, ha a term\u00e9k vagy szolg\u00e1ltat\u00e1s \u00e1llapot\u00e1nak \u00f6sszetett m\u0171szaki felm\u00e9r\u00e9se sz\u00fcks\u00e9ges, legk\u00e9s\u0151bb a panasz beny\u00fajt\u00e1s\u00e1t\u00f3l sz\u00e1m\u00edtott 30 napon bel\u00fcl. A panasz kezel\u00e9s\u00e9nek m\u00f3dj\u00e1nak meghat\u00e1roz\u00e1sa ut\u00e1n a panaszt azonnal kezelik, indokolt esetekben a panasz k\u00e9s\u0151bb is kezelhet\u0151; a panasz kezel\u00e9se azonban nem tarthat tov\u00e1bb a panasz beny\u00fajt\u00e1s\u00e1t\u00f3l sz\u00e1m\u00edtott 30 napn\u00e1l. Ha az elad\u00f3 a panasz t\u00e1rgy\u00e1t a panasz beny\u00fajt\u00e1s\u00e1nak napj\u00e1n k\u00e9s\u0151bb veszi \u00e1t, a panasz e bekezd\u00e9s szerinti elint\u00e9z\u00e9s\u00e9nek hat\u00e1rideje a panasz t\u00e1rgy\u00e1nak az elad\u00f3 \u00e1ltali \u00e1tv\u00e9tel\u00e9nek napj\u00e1t\u00f3l kezd\u0151dik; legk\u00e9s\u0151bb azonban att\u00f3l a pillanatt\u00f3l, amikor az elad\u00f3 megakad\u00e1lyozza vagy megakad\u00e1lyozza a panasz t\u00e1rgy\u00e1nak \u00e1tv\u00e9tel\u00e9t. A panasz elint\u00e9z\u00e9s\u00e9nek hat\u00e1ridej\u00e9nek lej\u00e1rta ut\u00e1n a fogyaszt\u00f3nak joga van el\u00e1llni a szerz\u0151d\u00e9st\u0151l, vagy joga van a term\u00e9ket (a panasz t\u00e1rgy\u00e1t) egy \u00faj term\u00e9kre cser\u00e9lni.      <\/p><p style=\"text-align: left;\">5.4. Amennyiben a fogyaszt\u00f3 a v\u00e1s\u00e1rl\u00e1st\u00f3l sz\u00e1m\u00edtott els\u0151 12 h\u00f3napon bel\u00fcl ny\u00fajtott be term\u00e9kpanaszt, az Elad\u00f3 kiz\u00e1r\u00f3lag szakmai \u00e9rt\u00e9kel\u00e9s alapj\u00e1n utas\u00edthatja el a panaszt; a szakmai \u00e9rt\u00e9kel\u00e9s eredm\u00e9ny\u00e9t\u0151l f\u00fcggetlen\u00fcl a fogyaszt\u00f3nak nem kell megfizetnie a szakmai \u00e9rt\u00e9kel\u00e9s k\u00f6lts\u00e9geit vagy a szakmai \u00e9rt\u00e9kel\u00e9ssel kapcsolatos egy\u00e9b k\u00f6lts\u00e9geket. Az Elad\u00f3 k\u00f6teles a fogyaszt\u00f3nak a panasz elutas\u00edt\u00e1s\u00e1t indokol\u00f3 szakmai \u00e9rt\u00e9kel\u00e9s m\u00e1solat\u00e1t a panasz rendez\u00e9s\u00e9nek d\u00e1tum\u00e1t\u00f3l sz\u00e1m\u00edtott 14 napon bel\u00fcl \u00e1tadni. <\/p><p style=\"text-align: left;\">5.5.Ak spotrebite\u013e reklam\u00e1ciu v\u00fdrobku uplatnil po 12 mesiacoch od k\u00fapy a Pred\u00e1vaj\u00faci ju zamietol, osoba, ktor\u00e1 reklam\u00e1ciu vybavila, je povinn\u00e1 v doklade o vybaven\u00ed reklam\u00e1cie uvies\u0165, komu m\u00f4\u017ee spotrebite\u013e zasla\u0165 v\u00fdrobok na odborn\u00e9 pos\u00fadenie. Ak je v\u00fdrobok zaslan\u00fd na odborn\u00e9 pos\u00fadenie ur\u010denej osobe, n\u00e1klady odborn\u00e9ho pos\u00fadenia, ako aj v\u0161etky ostatn\u00e9 s t\u00fdm s\u00favisiace \u00fa\u010delne vynalo\u017een\u00e9 n\u00e1klady zn\u00e1\u0161a Pred\u00e1vaj\u00faci bez oh\u013eadu na v\u00fdsledok odborn\u00e9ho pos\u00fadenia. Ak spotrebite\u013e odborn\u00fdm pos\u00faden\u00edm preuk\u00e1\u017ee zodpovednos\u0165 Pred\u00e1vaj\u00faceho za vadu, m\u00f4\u017ee reklam\u00e1ciu uplatni\u0165 znova; po\u010das vykon\u00e1vania odborn\u00e9ho pos\u00fadenia z\u00e1ru\u010dn\u00e1 doba neplynie. Pred\u00e1vaj\u00faci je povinn\u00fd spotrebite\u013eovi uhradi\u0165 do 14 dn\u00ed odo d\u0148a znova uplatnenia reklam\u00e1cie v\u0161etky n\u00e1klady vynalo\u017een\u00e9 na odborn\u00e9 pos\u00fadenie, ako aj v\u0161etky s t\u00fdm s\u00favisiace \u00fa\u010delne vynalo\u017een\u00e9 n\u00e1klady. Znova uplatnen\u00fa reklam\u00e1ciu nemo\u017eno zamietnu\u0165.    <\/p><p style=\"text-align: left;\">5.6. A fogyaszt\u00f3 jogosult a term\u00e9kek \u00e9s szolg\u00e1ltat\u00e1sok hib\u00e1ib\u00f3l ered\u0151 felel\u0151ss\u00e9gb\u0151l ered\u0151 jogos jogainak gyakorl\u00e1s\u00e1val kapcsolatban felmer\u00fclt sz\u00fcks\u00e9ges k\u00f6lts\u00e9gek (k\u00fcl\u00f6n\u00f6sen a reklam\u00e1lt \u00e1ruk elk\u00fcld\u00e9sekor fizetett postak\u00f6lts\u00e9g) megt\u00e9r\u00edt\u00e9s\u00e9re. Amennyiben a szerz\u0151d\u00e9st\u0151l a term\u00e9k vagy szolg\u00e1ltat\u00e1s hib\u00e1ja miatt el\u00e1ll, a fogyaszt\u00f3 jogosult az el\u00e1ll\u00e1s k\u00f6lts\u00e9geinek megt\u00e9r\u00edt\u00e9s\u00e9re is. <\/p><p style=\"text-align: left;\">5.7. A szakmai \u00e9rt\u00e9kel\u00e9s k\u00f6vetelm\u00e9nyei az e cikk 5.4. pontja \u00e9rtelm\u00e9ben:<\/p><p style=\"text-align: left;\">A szak\u00e9rt\u0151i \u00e9rt\u00e9kel\u00e9snek tartalmaznia kell:<\/p><ol style=\"text-align: left;\"><li>a) a szak\u00e9rt\u0151i \u00e9rt\u00e9kel\u00e9st v\u00e9gz\u0151 szem\u00e9ly azonos\u00edt\u00e1sa,<\/li><li>b) az \u00e9rt\u00e9kel\u00e9s alatt \u00e1ll\u00f3 term\u00e9k pontos azonos\u00edt\u00e1sa,<\/li><li>c) a term\u00e9k \u00e1llapot\u00e1nak le\u00edr\u00e1sa,<\/li><li>d) az \u00e9rt\u00e9kel\u00e9s eredm\u00e9nye,<\/li><li>(e) a szak\u00e9rt\u0151i \u00e9rt\u00e9kel\u00e9s elk\u00e9sz\u00edt\u00e9s\u00e9nek d\u00e1tuma.<\/li><\/ol><p style=\"text-align: left;\">5.8. Amennyiben a term\u00e9k jellege lehet\u0151v\u00e9 teszi, a fogyaszt\u00f3 a reklam\u00e1ci\u00f3 beny\u00fajt\u00e1sakor \u00e1tadja a term\u00e9ket az Elad\u00f3nak (kijel\u00f6lt szem\u00e9lynek). Amennyiben a term\u00e9k jellege nem teszi lehet\u0151v\u00e9 a term\u00e9k Elad\u00f3nak (kijel\u00f6lt szem\u00e9lynek) t\u00f6rt\u00e9n\u0151 k\u00e9zbes\u00edt\u00e9s\u00e9t, a fogyaszt\u00f3 a reklam\u00e1ci\u00f3 beny\u00fajt\u00e1sakor k\u00e9rheti a hiba elh\u00e1r\u00edt\u00e1s\u00e1t a term\u00e9k telephely\u00e9n, vagy meg\u00e1llapodhat az Elad\u00f3val (kijel\u00f6lt szem\u00e9llyel) a term\u00e9k sz\u00e1ll\u00edt\u00e1s\u00e1nak m\u00f3dj\u00e1ban. <\/p><p style=\"text-align: left;\">5.9. A j\u00f3t\u00e1ll\u00e1si id\u0151szakba nem sz\u00e1m\u00edt bele az az id\u0151szak, amely a hib\u00e1k\u00e9rt val\u00f3 felel\u0151ss\u00e9gi jog gyakorl\u00e1s\u00e1t\u00f3l addig az id\u0151pontig tart, amikor a Vev\u0151 k\u00f6teles lett volna a jav\u00edt\u00e1s elv\u00e9gz\u00e9se ut\u00e1n a term\u00e9ket \u00e1tvenni. Az Elad\u00f3 k\u00f6teles a Vev\u0151nek visszaigazol\u00e1st ki\u00e1ll\u00edtani a jog gyakorl\u00e1s\u00e1nak id\u0151pontj\u00e1r\u00f3l, valamint a jav\u00edt\u00e1s elv\u00e9gz\u00e9s\u00e9r\u0151l \u00e9s annak id\u0151tartam\u00e1r\u00f3l. <\/p><p style=\"text-align: left;\"><strong><u>6. A vev\u0151 jogai a hib\u00e1k\u00e9rt val\u00f3 felel\u0151ss\u00e9gb\u0151l ered\u0151 jogok gyakorl\u00e1sa sor\u00e1n<\/u><\/strong><\/p><p style=\"text-align: left;\">6.1. Ha a hiba orvosolhat\u00f3, a Vev\u0151 jogosult a hiba ingyenes, id\u0151ben \u00e9s megfelel\u0151 m\u00f3don t\u00f6rt\u00e9n\u0151 jav\u00edt\u00e1s\u00e1ra. Az Elad\u00f3 k\u00f6teles a hib\u00e1t indokolatlan k\u00e9sedelem n\u00e9lk\u00fcl orvosolni. <\/p><p style=\"text-align: left;\">6.2. A hiba elt\u00e1vol\u00edt\u00e1sa helyett a Vev\u0151 k\u00e9rheti a term\u00e9k cser\u00e9j\u00e9t, vagy ha a hiba csak a term\u00e9k egy r\u00e9sz\u00e9t \u00e9rinti, akkor az alkatr\u00e9sz cser\u00e9j\u00e9t, ha ez az \u00e1ru \u00e1r\u00e1t vagy a hiba s\u00falyoss\u00e1g\u00e1t figyelembe v\u00e9ve nem okoz indokolatlan k\u00f6lts\u00e9geket az Elad\u00f3nak.<\/p><p style=\"text-align: left;\">6.3. Az Elad\u00f3 a hiba elt\u00e1vol\u00edt\u00e1sa helyett mindig jogosult a hib\u00e1s term\u00e9ket egy t\u00f6k\u00e9letesre cser\u00e9lni, ha ez nem okoz komoly neh\u00e9zs\u00e9get a Vev\u0151nek.<\/p><p style=\"text-align: left;\">6.4. Ha a hiba elt\u00e1vol\u00edthatatlan, \u00e9s megakad\u00e1lyozza a term\u00e9k rendeltet\u00e9sszer\u0171 haszn\u00e1lat\u00e1t, mintha hib\u00e1tlan term\u00e9k lenne, a Vev\u0151 jogosult a term\u00e9k kicser\u00e9l\u00e9s\u00e9re vagy a szerz\u0151d\u00e9st\u0151l val\u00f3 el\u00e1ll\u00e1sra. Ugyanezek a jogok illetik meg a Vev\u0151t, ha a hiba elt\u00e1vol\u00edthat\u00f3, de a Vev\u0151 a jav\u00edt\u00e1s ut\u00e1ni \u00fajb\u00f3li el\u0151fordul\u00e1sa vagy a hib\u00e1k nagy sz\u00e1ma miatt nem tudja rendeltet\u00e9sszer\u0171en haszn\u00e1lni a term\u00e9ket. <\/p><p style=\"text-align: left;\">6.5. Amennyiben egy\u00e9b, elt\u00e1vol\u00edthatatlan hib\u00e1k vannak, a Vev\u0151 jogosult a term\u00e9k \u00e1r\u00e1b\u00f3l \u00e9szszer\u0171 kedvezm\u00e9nyre.<\/p><p style=\"text-align: left;\"><strong><u>7. Z\u00e1r\u00f3 rendelkez\u00e9sek<\/u><\/strong><\/p><p style=\"text-align: left;\">7.1. Ez a panaszkezel\u00e9si elj\u00e1r\u00e1s szerves r\u00e9sz\u00e9t k\u00e9pezi a jelen online \u00e1ruh\u00e1z \u00c1ltal\u00e1nos Szerz\u0151d\u00e9si Felt\u00e9teleinek, valamint a Szem\u00e9lyes Adatok V\u00e9delm\u00e9re Vonatkoz\u00f3 Elvei \u00e9s Utas\u00edt\u00e1sainak. Az \u00c1ltal\u00e1nos Szerz\u0151d\u00e9si Felt\u00e9telek, valamint a jelen online \u00e1ruh\u00e1z Szem\u00e9lyes Adatok V\u00e9delm\u00e9re Vonatkoz\u00f3 Elvei \u00e9s Utas\u00edt\u00e1sai dokumentumok az Elad\u00f3 online \u00e1ruh\u00e1z\u00e1nak domainj\u00e9n ker\u00fclnek k\u00f6zz\u00e9t\u00e9telre. <\/p><p style=\"text-align: left;\">7.2. A Reklam\u00e1ci\u00f3s Elj\u00e1r\u00e1s v\u00e1ltoz\u00e1sa eset\u00e9n a Vev\u0151 \u00e9s az Elad\u00f3 k\u00f6z\u00f6tti viszonyra a V\u00e9teli Szerz\u0151d\u00e9s megk\u00f6t\u00e9sekor \u00e9rv\u00e9nyes \u00e9s hat\u00e1lyos Reklam\u00e1ci\u00f3s Elj\u00e1r\u00e1s az ir\u00e1nyad\u00f3, annak megsz\u0171n\u00e9s\u00e9ig.<\/p><p style=\"text-align: left;\">7.3.Tento reklama\u010dn\u00fd poriadok je platn\u00fd a \u00fa\u010dinn\u00fd momentom jeho zverejnenia v Internetovom obchode Pred\u00e1vaj\u00face d\u0148a <strong>06.05.2024<\/strong><\/p>\n\t\t\t\t\t<\/div>\n\t\t\t\t\t\t<\/div>\n\t\t\t\t<\/div>\n\t\t\t\t\t<\/div>\n\t\t\t\t<\/div>\n\t\t\t\t<\/div>\n\t\t","protected":false},"excerpt":{"rendered":"<p>PANASZOK getlux.sk online \u00e1ruh\u00e1z \u00c1ltal\u00e1nos rendelkez\u00e9sek 1.1. Ez a panaszt\u00e9teli elj\u00e1r\u00e1s a m\u00f3dos\u00edtott 40\/1964. sz. Polg\u00e1ri T\u00f6rv\u00e9nyk\u00f6nyvr\u0151l sz\u00f3l\u00f3 t\u00f6rv\u00e9ny (a<\/p>\n","protected":false},"author":2,"featured_media":0,"parent":0,"menu_order":0,"comment_status":"closed","ping_status":"closed","template":"","meta":{"footnotes":""},"class_list":["post-12987","page","type-page","status-publish","hentry"],"_links":{"self":[{"href":"https:\/\/getlux.sk\/hu\/wp-json\/wp\/v2\/pages\/12987","targetHints":{"allow":["GET"]}}],"collection":[{"href":"https:\/\/getlux.sk\/hu\/wp-json\/wp\/v2\/pages"}],"about":[{"href":"https:\/\/getlux.sk\/hu\/wp-json\/wp\/v2\/types\/page"}],"author":[{"embeddable":true,"href":"https:\/\/getlux.sk\/hu\/wp-json\/wp\/v2\/users\/2"}],"replies":[{"embeddable":true,"href":"https:\/\/getlux.sk\/hu\/wp-json\/wp\/v2\/comments?post=12987"}],"version-history":[{"count":1,"href":"https:\/\/getlux.sk\/hu\/wp-json\/wp\/v2\/pages\/12987\/revisions"}],"predecessor-version":[{"id":12988,"href":"https:\/\/getlux.sk\/hu\/wp-json\/wp\/v2\/pages\/12987\/revisions\/12988"}],"wp:attachment":[{"href":"https:\/\/getlux.sk\/hu\/wp-json\/wp\/v2\/media?parent=12987"}],"curies":[{"name":"wp","href":"https:\/\/api.w.org\/{rel}","templated":true}]}}