{"id":13024,"date":"2024-05-01T11:19:41","date_gmt":"2024-05-01T09:19:41","guid":{"rendered":"https:\/\/getlux.sk\/datenschutzrichtlinie\/"},"modified":"2026-02-27T21:16:06","modified_gmt":"2026-02-27T20:16:06","slug":"datenschutzrichtlinie","status":"publish","type":"page","link":"https:\/\/getlux.sk\/hu\/datenschutzrichtlinie\/","title":{"rendered":"Datenschutzrichtlinie"},"content":{"rendered":"\t\t<div data-elementor-type=\"wp-page\" data-elementor-id=\"13024\" class=\"elementor elementor-13024 elementor-1979\">\n\t\t\t\t<div class=\"wd-negative-gap elementor-element elementor-element-0d50e2b e-flex e-con-boxed e-con e-parent\" data-id=\"0d50e2b\" data-element_type=\"container\" data-e-type=\"container\">\n\t\t\t\t\t<div class=\"e-con-inner\">\n\t\t\t\t<div class=\"elementor-element elementor-element-9df5f9c elementor-widget elementor-widget-wd_text_block\" data-id=\"9df5f9c\" data-element_type=\"widget\" data-e-type=\"widget\" data-widget_type=\"wd_text_block.default\">\n\t\t\t\t<div class=\"elementor-widget-container\">\n\t\t\t\t\t\t\t<div class=\"wd-text-block reset-last-child text-left\">\n\t\t\t\n\t\t\t<h1 style=\"text-align: left;\">SCHUTZ PERSONENBEZOGENER DATEN<\/h1><p style=\"text-align: left;\">\/ Grunds\u00e4tze und Hinweise zum Schutz personenbezogener Daten, die der Betreiber dem Betroffenen bei der Erhebung personenbezogener Daten vom Betroffenen zur Verf\u00fcgung stellt, sowie Hinweise zu Cookies des Online-Shops getlux.sk \/<\/p><p style=\"text-align: left;\"><strong> <\/strong><\/p><ol style=\"text-align: left;\"><li><strong><u>Operator<\/u><\/strong><\/li><\/ol><p style=\"text-align: left;\"><strong> <\/strong><\/p><p style=\"text-align: left;\">1.1. Die Identit\u00e4t und die Kontaktdaten des Betreibers lauten:<\/p><p style=\"text-align: left;\">C\u00e9gn\u00e9v: magicsport s.r.o.<br>Sz\u00e9khely: Bezru\u010dova 1191\/3, Tren\u010d\u00edn 911 01, Szlov\u00e1k K\u00f6zt\u00e1rsas\u00e1g<\/p><p style=\"text-align: left;\">Bejegyezve a Trencs\u00e9ni J\u00e1r\u00e1sb\u00edr\u00f3s\u00e1g C\u00e9gnyilv\u00e1ntart\u00e1s\u00e1ba, szekci\u00f3: Kft., iktat\u00f3sz\u00e1m: 34530\/R<br>C\u00e9gjegyz\u00e9ksz\u00e1m: 48242373 <\/p><p style=\"text-align: left;\">Ad\u00f3sz\u00e1m: SK2120122345<br>Banksz\u00e1mla: IBAN:SK82 1100 0000 0029 4103 8640, BIC: TATRSKBX a Tatra banka, a.s.-n bel\u00fcl<\/p><p style=\"text-align: left;\">Az elad\u00f3 \u00c1FA-fizet\u0151 \/\u00c1ltal\u00e1nos \u00c9rt\u00e9kad\u00f3-alany\/<\/p><p style=\"text-align: left;\">1.2. Az \u00dczemeltet\u0151 el\u00e9rhet\u0151s\u00e9gei e-mailben \u00e9s telefonon:<\/p><p style=\"text-align: left;\">Email: info@getlux.sk<\/p><p style=\"text-align: left;\">Telefonsz\u00e1m: 0903 990 033<\/p><p style=\"text-align: left;\">1.3. Az \u00fczemeltet\u0151 c\u00edme a dokumentumok k\u00fcld\u00e9s\u00e9hez:<\/p><p style=\"text-align: left;\">magicsport s.r.o., Bezru\u010dova 1191\/3, Tren\u010d\u00edn 911 01, Szlov\u00e1k K\u00f6zt\u00e1rsas\u00e1g<\/p><p style=\"text-align: left;\">1.4. Az \u00fczemeltet\u0151 ezennel, a 13. cikk (1) bekezd\u00e9s\u00e9vel \u00f6sszhangban, 1. \u00e9s 2. Az Eur\u00f3pai Parlament \u00e9s a Tan\u00e1cs (EU) 2016\/679 rendelete (2016. m\u00e1jus 27.) a term\u00e9szetes szem\u00e9lyeknek a szem\u00e9lyes adatok kezel\u00e9se tekintet\u00e9ben t\u00f6rt\u00e9n\u0151 v\u00e9delm\u00e9r\u0151l \u00e9s az ilyen adatok szabad \u00e1raml\u00e1s\u00e1r\u00f3l, valamint a 95\/46\/EK rendelet hat\u00e1lyon k\u00edv\u00fcl helyez\u00e9s\u00e9r\u0151l (\u00e1ltal\u00e1nos adatv\u00e9delmi rendelet) (a tov\u00e1bbiakban: \u201eRendelet\u201d) a k\u00f6vetkez\u0151 inform\u00e1ci\u00f3kat, utas\u00edt\u00e1sokat \u00e9s magyar\u00e1zatokat ny\u00fajtja az \u00c9rintettnek, akit\u0151l az Adatkezel\u0151 a r\u00e1 vonatkoz\u00f3 szem\u00e9lyes adatokat megszerzi:  <\/p><p style=\"text-align: left;\"><strong><u>2. Linkek<\/u><\/strong><\/p><p style=\"text-align: left;\">2.1. A szem\u00e9lyes adatok v\u00e9delm\u00e9re vonatkoz\u00f3 ezen elvek \u00e9s utas\u00edt\u00e1sok az Elad\u00f3 Online \u00c1ruh\u00e1z\u00e1ban k\u00f6zz\u00e9tett \u00c1ltal\u00e1nos Szerz\u0151d\u00e9si Felt\u00e9telek r\u00e9sz\u00e9t k\u00e9pezik.<\/p><p style=\"text-align: left;\">2.2. A 102\/2014. sz. t\u00f6rv\u00e9ny 3. \u00a7-\u00e1nak (1) bekezd\u00e9s\u00e9nek n) pontja \u00e9rtelm\u00e9ben az Elad\u00f3 t\u00e1j\u00e9koztatja a Fogyaszt\u00f3t, hogy nincsenek olyan k\u00fcl\u00f6nleges vonatkoz\u00f3 magatart\u00e1si k\u00f3dexek, amelyek betart\u00e1s\u00e1ra az Elad\u00f3 k\u00f6telezetts\u00e9get v\u00e1llalt volna, ahol a magatart\u00e1si k\u00f3dex alatt olyan meg\u00e1llapod\u00e1st vagy szab\u00e1lyrendszert kell \u00e9rteni, amely meghat\u00e1rozza az Elad\u00f3 viselked\u00e9s\u00e9t, aki k\u00f6telezetts\u00e9get v\u00e1llalt e magatart\u00e1si k\u00f3dex betart\u00e1s\u00e1ra egy vagy t\u00f6bb konkr\u00e9t \u00fczleti gyakorlattal vagy \u00fczleti \u00e1gazattal kapcsolatban (ha ezeket nem t\u00f6rv\u00e9ny vagy m\u00e1s jogszab\u00e1ly vagy k\u00f6zigazgat\u00e1si szerv int\u00e9zked\u00e9se \u00edrja el\u0151), amelyek betart\u00e1s\u00e1ra az Elad\u00f3 k\u00f6telezetts\u00e9get v\u00e1llalt, valamint azt a m\u00f3dot, ahogyan a Fogyaszt\u00f3 megismerheti ezeket, vagy megszerezheti a sz\u00f6veg\u00fcket.   <\/p><p style=\"text-align: left;\"><strong><u> <\/u><\/strong><\/p><p style=\"text-align: left;\"><strong><u>3. Adatv\u00e9delem \u00e9s s\u00fctik haszn\u00e1lata. S\u00fctik haszn\u00e1lati utas\u00edt\u00e1sa \u00e9s magyar\u00e1zata <\/u><\/strong><\/p><p style=\"text-align: left;\">3.1. Az \u00fczemeltet\u0151 a s\u00fctik funkci\u00f3j\u00e1r\u00f3l a k\u00f6vetkez\u0151 r\u00f6vid magyar\u00e1zatot adja:<\/p><p style=\"text-align: left;\">3.1.1. A s\u00fctik olyan sz\u00f6veges f\u00e1jlok, amelyek kis mennyis\u00e9g\u0171 inform\u00e1ci\u00f3t tartalmaznak, \u00e9s amelyeket a weboldal megl\u00e1togat\u00e1sakor let\u00f6ltenek a sz\u00e1m\u00edt\u00f3g\u00e9p\u00e9re, mobiltelefonj\u00e1ra vagy m\u00e1s elektronikus eszk\u00f6z\u00e9re, amelyet a webes domain b\u00f6ng\u00e9sz\u00e9s\u00e9hez haszn\u00e1l.<\/p><p style=\"text-align: left;\">A s\u00fctik lehet\u0151v\u00e9 teszik az \u00fczemeltet\u0151 webdomainje sz\u00e1m\u00e1ra, hogy ne csak felismerje a felhaszn\u00e1l\u00f3 eszk\u00f6z\u00e9t, hanem lehet\u0151v\u00e9 tegy\u00e9k a felhaszn\u00e1l\u00f3 sz\u00e1m\u00e1ra a webhely funkci\u00f3inak el\u00e9r\u00e9s\u00e9t is.<\/p><p style=\"text-align: left;\">A s\u00fctiket k\u00e9t alapvet\u0151 t\u00edpusra osztjuk, nevezetesen:<\/p><p style=\"text-align: left;\">\u00c1lland\u00f3 s\u00fctik \u2013 ezek a s\u00fctik a s\u00fctiben meghat\u00e1rozott ideig maradnak a felhaszn\u00e1l\u00f3 eszk\u00f6z\u00e9n. Minden alkalommal aktiv\u00e1l\u00f3dnak, amikor a felhaszn\u00e1l\u00f3 megl\u00e1togatja a s\u00fctit l\u00e9trehoz\u00f3 webes domaint. <\/p><p style=\"text-align: left;\">Munkamenet-s\u00fctik \u2013 ezek a s\u00fctik lehet\u0151v\u00e9 teszik a weboldal \u00fczemeltet\u0151je sz\u00e1m\u00e1ra, hogy \u00f6sszekapcsolja a felhaszn\u00e1l\u00f3 tev\u00e9kenys\u00e9geit, amikor a felhaszn\u00e1l\u00f3 megnyit egy b\u00f6ng\u00e9sz\u0151ablakot, \u00e9s azok bez\u00e1r\u00e1s\u00e1val fejez\u0151dik be. A munkamenet-s\u00fctik ideiglenesen j\u00f6nnek l\u00e9tre. Minden munkamenet-s\u00fcti t\u00f6rl\u0151dik a b\u00f6ng\u00e9sz\u0151 bez\u00e1r\u00e1sakor.  <\/p><p style=\"text-align: left;\">3.2. A s\u00fctik magyar\u00e1zata<\/p><p style=\"text-align: left;\">3.2.1. A s\u00fcti egy kis sz\u00f6veges f\u00e1jl, amelyet egy weboldal helyez el a sz\u00e1m\u00edt\u00f3g\u00e9p\u00e9n vagy mobileszk\u00f6z\u00e9n, amikor \u00d6n b\u00f6ng\u00e9szik rajta. Ez a f\u00e1jl lehet\u0151v\u00e9 teszi a weboldal sz\u00e1m\u00e1ra, hogy egy bizonyos ideig t\u00e1rolja az \u00d6n tev\u00e9kenys\u00e9geivel \u00e9s be\u00e1ll\u00edt\u00e1saival kapcsolatos inform\u00e1ci\u00f3kat (p\u00e9ld\u00e1ul a bejelentkez\u00e9si nev\u00e9t, a nyelvet, a bet\u0171m\u00e9retet \u00e9s egy\u00e9b megjelen\u00edt\u00e9si be\u00e1ll\u00edt\u00e1sokat), \u00edgy a k\u00f6vetkez\u0151 alkalommal, amikor megl\u00e1togatja a weboldalt, vagy b\u00f6ng\u00e9szi annak egyes oldalait, nem kell \u00fajra megadnia azokat. <\/p><p style=\"text-align: left;\">3.3. S\u00fctik haszn\u00e1lat\u00e1ra vonatkoz\u00f3 utas\u00edt\u00e1sok<\/p><p style=\"text-align: left;\">3.3.1. Az \u00fczemeltet\u0151 internetes domainje s\u00fctiket haszn\u00e1l a k\u00f6vetkez\u0151k t\u00e1rol\u00e1s\u00e1ra:<\/p><p style=\"text-align: left;\">3.3.1.1. az a t\u00e9ny, hogy m\u00e1r v\u00e1laszolt a k\u00fcl\u00f6n ablakban (felugr\u00f3 ablakban) megjelen\u00edtett felm\u00e9r\u00e9sre, amelyen kereszt\u00fcl kifejezheti v\u00e9lem\u00e9ny\u00e9t a webhely tartalm\u00e1r\u00f3l (az nem jelenik meg \u00fajra);<\/p><p style=\"text-align: left;\">3.3.1.2. hozz\u00e1j\u00e1rult-e (vagy nem j\u00e1rult-e hozz\u00e1) a s\u00fctik haszn\u00e1lat\u00e1hoz ezen a weboldalon.<\/p><p style=\"text-align: left;\">3.3.1.3. Marketing \u00e9s remarketing<\/p><p style=\"text-align: left;\">Hasonl\u00f3k\u00e9ppen, az \u00dczemeltet\u0151 oldalainak r\u00e9sz\u00e9t k\u00e9pez\u0151 egyes aloldalak s\u00fctiket haszn\u00e1lnak, hogy n\u00e9vtelen\u00fcl statisztikai adatokat gy\u0171jtsenek arr\u00f3l, hogy ki a hivatkoz\u00f3ja az internetes domain\u00fcnk forr\u00e1s\u00e1nak, \u00e9s hogyan jutott el az internetes domain\u00fcnkre.<\/p><p style=\"text-align: left;\">Hasonl\u00f3k\u00e9ppen, az \u00dczemeltet\u0151 oldalainak r\u00e9sz\u00e9t k\u00e9pez\u0151 egyes aloldalak s\u00fctiket haszn\u00e1lnak, hogy n\u00e9vtelen\u00fcl statisztikai adatokat gy\u0171jtsenek arr\u00f3l, hogy ki a hivatkoz\u00f3ja az internetes domain\u00fcnk forr\u00e1s\u00e1nak, \u00e9s hogyan jutott el az internetes domain\u00fcnkre. <\/p><p style=\"text-align: left;\">A s\u00fctikben t\u00e1rolt inform\u00e1ci\u00f3kat nem haszn\u00e1ljuk fel szem\u00e9lyes azonos\u00edt\u00e1s\u00e1ra, \u00e9s az adatok szerkezete teljes m\u00e9rt\u00e9kben a mi ellen\u0151rz\u00e9s\u00fcnk alatt \u00e1ll. A s\u00fctiket nem haszn\u00e1ljuk a jelen sz\u00f6vegben meghat\u00e1rozottakon k\u00edv\u00fcli c\u00e9lokra. Egyes webhelyeink vagy aloldalaink tov\u00e1bbi vagy elt\u00e9r\u0151 s\u00fctiket haszn\u00e1lhatnak, mint amilyeneket az el\u0151z\u0151 sz\u00f6vegben meghat\u00e1roztunk. Ilyen esetekben a haszn\u00e1latuk r\u00e9szleteit az adott webhelyen tal\u00e1lhat\u00f3 k\u00fcl\u00f6n s\u00fctit\u00e1j\u00e9koztat\u00f3 tartalmazza.   <\/p><p style=\"text-align: left;\">3.4.Hogyan kezelheti a s\u00fctiket<\/p><p style=\"text-align: left;\">3.4.1. Saj\u00e1t bel\u00e1t\u00e1sa szerint szab\u00e1lyozhatja \u00e9s\/vagy t\u00f6r\u00f6lheti a s\u00fctiket \u2013 a r\u00e9szletek\u00e9rt l\u00e1sd az aboutcookies.org weboldalt. T\u00f6r\u00f6lheti a sz\u00e1m\u00edt\u00f3g\u00e9p\u00e9n t\u00e1rolt \u00f6sszes s\u00fctit, \u00e9s a legt\u00f6bb b\u00f6ng\u00e9sz\u0151t be\u00e1ll\u00edthatja \u00fagy, hogy megakad\u00e1lyozza a t\u00e1rol\u00e1sukat. <\/p><p style=\"text-align: left;\"><strong><u> <\/u><\/strong><\/p><p style=\"text-align: left;\"><strong><u>4. Kezelt szem\u00e9lyes adatok<\/u><\/strong><\/p><p style=\"text-align: left;\"><strong><u> <\/u><\/strong><\/p><p style=\"text-align: left;\">4.1. Az \u00fczemeltet\u0151 a weboldal\u00e1n a k\u00f6vetkez\u0151 szem\u00e9lyes adatokat kezeli: keresztn\u00e9v, vezet\u00e9kn\u00e9v, lakc\u00edm, e-mail c\u00edm, telefonsz\u00e1m, s\u00fctikb\u0151l gy\u0171jt\u00f6tt adatok, IP-c\u00edmek.<\/p><p style=\"text-align: left;\"><strong><u>5. A szem\u00e9lyes adatok gy\u0171jt\u00e9s\u00e9\u00e9rt \u00e9s feldolgoz\u00e1s\u00e1\u00e9rt felel\u0151s szem\u00e9ly, az adatkezel\u0151 k\u00e9pvisel\u0151j\u00e9nek el\u00e9rhet\u0151s\u00e9gei<\/u><\/strong><\/p><p style=\"text-align: left;\">5.1. Az \u00fczemeltet\u0151 nem jel\u00f6lt ki a szem\u00e9lyes adatok gy\u0171jt\u00e9s\u00e9\u00e9rt \u00e9s feldolgoz\u00e1s\u00e1\u00e9rt felel\u0151s szem\u00e9lyt.<\/p><p style=\"text-align: left;\">5.2. Az adatkezel\u0151 nem b\u00edzott meg k\u00e9pvisel\u0151t a szem\u00e9lyes adatok gy\u0171jt\u00e9s\u00e9vel \u00e9s feldolgoz\u00e1s\u00e1val kapcsolatos \u00fcgyekben.<\/p><p style=\"text-align: left;\">5.3. Az \u00dczemeltet\u0151 egyben az Elad\u00f3 is a jelen weboldal \u00c1ltal\u00e1nos Szerz\u0151d\u00e9si Felt\u00e9teleiben meghat\u00e1rozott fogalom \u00e9rtelm\u00e9ben.<\/p><p style=\"text-align: left;\"><strong><u>6. Az \u00c9rintett szem\u00e9lyes adatainak kezel\u00e9s\u00e9nek c\u00e9ljai<\/u><\/strong><\/p><p style=\"text-align: left;\">6.1. Az \u00c9rintett szem\u00e9lyes adatainak kezel\u00e9s\u00e9nek c\u00e9ljai k\u00fcl\u00f6n\u00f6sen a k\u00f6vetkez\u0151k:<\/p><p style=\"text-align: left;\">6.1.2. szerz\u0151d\u00e9sek \u00e9s \u00fcgyf\u00e9ladatok r\u00f6gz\u00edt\u00e9se, l\u00e9trehoz\u00e1sa \u00e9s feldolgoz\u00e1sa harmadik felekkel k\u00f6t\u00f6tt szerz\u0151d\u00e9sek c\u00e9lj\u00e1b\u00f3l<\/p><p style=\"text-align: left;\">6.1.3. sz\u00e1mviteli dokumentumok \u00e9s az \u00dczemeltet\u0151 \u00fczleti tev\u00e9kenys\u00e9g\u00e9hez kapcsol\u00f3d\u00f3 dokumentumok feldolgoz\u00e1sa<\/p><p style=\"text-align: left;\">6.1.4. a dokumentumok \u00e9s bizony\u00edt\u00e9kok archiv\u00e1l\u00e1s\u00e1val kapcsolatos jogszab\u00e1lyok betart\u00e1sa, pl. a 431\/2002. sz. t\u00f6rv\u00e9ny, a m\u00f3dos\u00edtott sz\u00e1mviteli t\u00f6rv\u00e9ny \u00e9s egy\u00e9b vonatkoz\u00f3 rendeletek szerint<\/p><p style=\"text-align: left;\">6.1.4.az \u00dczemeltet\u0151 marketing \u00e9s hasonl\u00f3 rekl\u00e1mtev\u00e9kenys\u00e9gei<\/p><p style=\"text-align: left;\">6.1.5. az \u00dczemeltet\u0151 k\u00f6z\u00f6ss\u00e9gi h\u00e1l\u00f3zatokon, p\u00e9ld\u00e1ul Facebookon, Instagramon, Twitteren \u00e9s m\u00e1s platformokon v\u00e9gzett tev\u00e9kenys\u00e9geivel kapcsolatos tev\u00e9kenys\u00e9gek.<\/p><p style=\"text-align: left;\">6.1.6. az \u00dczemeltet\u0151 internetes tev\u00e9kenys\u00e9gekkel kapcsolatos tev\u00e9kenys\u00e9gei, mint p\u00e9ld\u00e1ul a Facebook Ads, Google Ads \u00e9s egy\u00e9b hirdet\u00e9sek c\u00e9lz\u00e1sa.<\/p><p style=\"text-align: left;\">6.1.7. az \u00dczemeltet\u0151 tev\u00e9kenys\u00e9gei az \u00c9rintett k\u00e9r\u00e9s\u00e9nek, megrendel\u00e9s\u00e9nek, szerz\u0151d\u00e9s\u00e9nek \u00e9s hasonl\u00f3 int\u00e9zm\u00e9nyeinek teljes\u00edt\u00e9s\u00e9vel kapcsolatban.<\/p><p style=\"text-align: left;\"><strong><u>7. Az \u00c9rintett szem\u00e9lyes adatainak kezel\u00e9s\u00e9nek jogalapja<\/u><\/strong><\/p><p style=\"text-align: left;\">7.1. Az \u00c9rintettek szem\u00e9lyes adatainak kezel\u00e9s\u00e9nek jogalapja \u2013 a kezelt konkr\u00e9t szem\u00e9lyes adatokt\u00f3l \u00e9s a kezel\u00e9s\u00fck c\u00e9lj\u00e1t\u00f3l f\u00fcgg\u0151en \u2013 az \u00c9rintettek hozz\u00e1j\u00e1rul\u00e1sa a szem\u00e9lyes adatok kezel\u00e9s\u00e9hez.<\/p><p style=\"text-align: left;\"><strong> <\/strong><\/p><p style=\"text-align: left;\"><strong><u>8. Szem\u00e9lyes adatok c\u00edmzettjei vagy c\u00edmzettek kateg\u00f3ri\u00e1i<\/u><\/strong><\/p><p style=\"text-align: left;\">8.1. Az \u00c9rintett szem\u00e9lyes adatainak c\u00edmzettjei a k\u00f6vetkez\u0151k lesznek, vagy legal\u00e1bbis a k\u00f6vetkez\u0151k lehetnek:<\/p><p style=\"text-align: left;\">8.1.1. az \u00dczemeltet\u0151 t\u00f6rv\u00e9nyes szervei vagy azok tagjai<\/p><p style=\"text-align: left;\">8.1.2. az \u00dczemeltet\u0151 sz\u00e1m\u00e1ra munkaviszonyban vagy hasonl\u00f3 min\u0151s\u00e9gben munkav\u00e9gz\u00e9sre jogos\u00edt\u00f3 tev\u00e9kenys\u00e9geket v\u00e9gz\u0151 szem\u00e9lyek.<\/p><p style=\"text-align: left;\">8.1.3. az \u00dczemeltet\u0151 \u00e9rt\u00e9kes\u00edt\u00e9si k\u00e9pvisel\u0151i \u00e9s az \u00dczemeltet\u0151vel az \u00dczemeltet\u0151 feladatainak ell\u00e1t\u00e1s\u00e1ban egy\u00fcttm\u0171k\u00f6d\u0151 egy\u00e9b szem\u00e9lyek. Jelen dokumentum alkalmaz\u00e1s\u00e1ban minden olyan term\u00e9szetes szem\u00e9ly, aki munkaszerz\u0151d\u00e9s vagy munkaviszonyon k\u00edv\u00fcl v\u00e9gzett munkav\u00e9gz\u00e9sre vonatkoz\u00f3 meg\u00e1llapod\u00e1s alapj\u00e1n az \u00dczemeltet\u0151 sz\u00e1m\u00e1ra f\u00fcgg\u0151 munk\u00e1t v\u00e9gez, az \u00dczemeltet\u0151 alkalmazottj\u00e1nak min\u0151s\u00fcl. <\/p><p style=\"text-align: left;\">8.1.4. Az \u00c9rintett szem\u00e9lyes adatainak c\u00edmzettjei tov\u00e1bb\u00e1 az \u00fczemeltet\u0151 munkat\u00e1rsai, \u00fczleti partnerei, besz\u00e1ll\u00edt\u00f3i \u00e9s szerz\u0151d\u00e9ses partnerei lesznek, k\u00fcl\u00f6n\u00f6sen: k\u00f6nyvel\u0151c\u00e9g, szoftverek l\u00e9trehoz\u00e1s\u00e1val \u00e9s karbantart\u00e1s\u00e1val kapcsolatos szolg\u00e1ltat\u00e1sokat ny\u00fajt\u00f3 v\u00e1llalat, az \u00fczemeltet\u0151nek jogi szolg\u00e1ltat\u00e1sokat ny\u00fajt\u00f3 v\u00e1llalat, az \u00fczemeltet\u0151nek tan\u00e1csad\u00e1st ny\u00fajt\u00f3 v\u00e1llalat, term\u00e9kek sz\u00e1ll\u00edt\u00e1s\u00e1t \u00e9s k\u00e9zbes\u00edt\u00e9s\u00e9t biztos\u00edt\u00f3 v\u00e1llalatok vev\u0151k \u00e9s harmadik felek sz\u00e1m\u00e1ra, marketingc\u00e9gek, k\u00f6z\u00f6ss\u00e9gi h\u00e1l\u00f3zatokat \u00fczemeltet\u0151 v\u00e1llalatok.<\/p><p style=\"text-align: left;\">8.1.5. A szem\u00e9lyes adatok c\u00edmzettjei tov\u00e1bb\u00e1 b\u00edr\u00f3s\u00e1gok, b\u00fcntet\u0151 igazs\u00e1gszolg\u00e1ltat\u00e1si hat\u00f3s\u00e1gok, ad\u00f3hat\u00f3s\u00e1gok \u00e9s m\u00e1s \u00e1llami hat\u00f3s\u00e1gok is lehetnek, amennyiben ezt t\u00f6rv\u00e9ny el\u0151\u00edrja. Az \u00dczemeltet\u0151 a szem\u00e9lyes adatokat a Szlov\u00e1k K\u00f6zt\u00e1rsas\u00e1g jogszab\u00e1lyai alapj\u00e1n \u00e9s azokkal \u00f6sszhangban bocs\u00e1tja a rendelkez\u00e9s\u00e9re az adott hat\u00f3s\u00e1gok \u00e9s \u00e1llami int\u00e9zm\u00e9nyek sz\u00e1m\u00e1ra. <\/p><p style=\"text-align: left;\"><strong><u>9. Inform\u00e1ci\u00f3k a szem\u00e9lyes adatok harmadik orsz\u00e1gokba t\u00f6rt\u00e9n\u0151 \u00e1tad\u00e1s\u00e1r\u00f3l \u00e9s azok meg\u0151rz\u00e9si idej\u00e9r\u0151l:<\/u><\/strong><\/p><p style=\"text-align: left;\">9.1. Nem alkalmazhat\u00f3. Az \u00fczemeltet\u0151 nem tov\u00e1bb\u00edt szem\u00e9lyes adatokat harmadik orsz\u00e1gokba. <\/p><p style=\"text-align: left;\">9.2. A szem\u00e9lyes adatokat a t\u00f6rv\u00e9nyi el\u0151\u00edr\u00e1soknak megfelel\u0151en, a szerz\u0151d\u00e9s teljes\u00edt\u00e9s\u00e9hez sz\u00fcks\u00e9ges ideig, valamint az azt k\u00f6vet\u0151 archiv\u00e1l\u00e1s c\u00e9lj\u00e1b\u00f3l t\u00e1roljuk.<\/p><p style=\"text-align: left;\"><strong><u>10. Inform\u00e1ci\u00f3 az \u00c9rintett vonatkoz\u00f3 jogainak megl\u00e9t\u00e9r\u0151l:<\/u><\/strong><\/p><p style=\"text-align: left;\">10.1. Az \u00e9rintett t\u00f6bbek k\u00f6z\u00f6tt a k\u00f6vetkez\u0151 jogokkal rendelkezik, amelyek \u00e9rtelm\u00e9ben:<\/p><p style=\"text-align: left;\">10.1.1. A 10.1. z\u00e1rad\u00e9k nem \u00e9rinti az \u00c9rintettek egy\u00e9b jogait.<\/p><p style=\"text-align: left;\">10.1.2. Az \u00c9rintett adathozz\u00e1f\u00e9r\u00e9si joga a Rendelet 15. cikke alapj\u00e1n, amely a k\u00f6vetkez\u0151ket tartalmazza: <\/p><p style=\"text-align: left;\">az Adatkezel\u0151t\u0151l visszajelz\u00e9st kapni arra vonatkoz\u00f3an, hogy az \u00c9rintett szem\u00e9lyes adatainak kezel\u00e9se folyamatban van-e, \u00e9s ha igen, milyen m\u00e9rt\u00e9kben. Ugyanakkor, ha az adatok kezel\u00e9se folyamatban van, az \u00c9rintett jogosult arra, hogy az Adatkezel\u0151t\u0151l t\u00e1j\u00e9koztat\u00e1st kapjon az adatok kezel\u00e9s\u00e9nek c\u00e9lj\u00e1r\u00f3l, k\u00fcl\u00f6n\u00f6sen a k\u00f6vetkez\u0151kr\u0151l: az adatkezel\u00e9s c\u00e9lj\u00e1r\u00f3l, az \u00e9rintett szem\u00e9lyes adatok kateg\u00f3ri\u00e1ir\u00f3l, a c\u00edmzettekr\u0151l vagy c\u00edmzettek kateg\u00f3ri\u00e1ir\u00f3l, akikkel vagy amelyekkel a szem\u00e9lyes adatokat k\u00f6z\u00f6lt\u00e9k vagy k\u00f6z\u00f6lni fogj\u00e1k \u2013 k\u00fcl\u00f6n\u00f6sen harmadik orsz\u00e1gbeli c\u00edmzettek vagy nemzetk\u00f6zi szervezetek eset\u00e9ben \u2013, a szem\u00e9lyes adatok t\u00e1rol\u00e1s\u00e1nak v\u00e1rhat\u00f3 id\u0151tartam\u00e1r\u00f3l, vagy ha ez nem lehets\u00e9ges, az annak meghat\u00e1roz\u00e1s\u00e1ra vonatkoz\u00f3 szempontokr\u00f3l, az \u00c9rintettre vonatkoz\u00f3 szem\u00e9lyes adatok helyesb\u00edt\u00e9s\u00e9t, t\u00f6rl\u00e9s\u00e9t vagy kezel\u00e9s\u00e9nek korl\u00e1toz\u00e1s\u00e1t k\u00e9rv\u00e9nyez\u0151 jog\u00e1r\u00f3l, valamint az ilyen adatkezel\u00e9s elleni tiltakoz\u00e1s jog\u00e1r\u00f3l, a fel\u00fcgyeleti hat\u00f3s\u00e1gn\u00e1l t\u00f6rt\u00e9n\u0151 panaszt\u00e9tel jog\u00e1r\u00f3l, ha a szem\u00e9lyes adatokat nem az \u00c9rintettt\u0151l szerezt\u00e9k be, az adatok forr\u00e1s\u00e1ra vonatkoz\u00f3 rendelkez\u00e9sre \u00e1ll\u00f3 inform\u00e1ci\u00f3kr\u00f3l, az automatiz\u00e1lt d\u00f6nt\u00e9shozatal megl\u00e9t\u00e9r\u0151l, ide\u00e9rtve a GDPR 22. cikk (1) bekezd\u00e9s\u00e9ben eml\u00edtett profilalkot\u00e1st is.  1. \u00e9s 4. pontj\u00e1ban foglaltak szerint, \u00e9s ezekben az esetekben legal\u00e1bb az alkalmazott elj\u00e1r\u00e1sra, valamint az ilyen szem\u00e9lyesadat-kezel\u00e9s \u00c9rintettre n\u00e9zve jelent\u0151s\u00e9g\u00e9re \u00e9s el\u0151rel\u00e1that\u00f3 k\u00f6vetkezm\u00e9nyeire vonatkoz\u00f3 \u00e9rdemi inform\u00e1ci\u00f3kat, a Rendelet 46. cikke szerinti megfelel\u0151 garanci\u00e1kr\u00f3l a szem\u00e9lyes adatok tov\u00e1bb\u00edt\u00e1s\u00e1ra vonatkoz\u00f3an, ha szem\u00e9lyes adatokat harmadik orsz\u00e1gba vagy nemzetk\u00f6zi szervezetnek tov\u00e1bb\u00edtanak. <\/p><p style=\"text-align: left;\">10.1.3. a kezelt szem\u00e9lyes adatok m\u00e1solat\u00e1nak k\u00e9zhezv\u00e9tel\u00e9hez val\u00f3 jog, azzal a felt\u00e9tellel, hogy a kezelt szem\u00e9lyes adatok m\u00e1solat\u00e1nak k\u00e9zhezv\u00e9tel\u00e9hez val\u00f3 jog nem j\u00e1rhat h\u00e1tr\u00e1nyos k\u00f6vetkezm\u00e9nyekkel m\u00e1sok jogaira \u00e9s szabads\u00e1gaira n\u00e9zve.<\/p><p style=\"text-align: left;\">10.1.4. az \u00c9rintett helyesb\u00edt\u00e9shez val\u00f3 joga a Rendelet 16. cikke szerint, amely mag\u00e1ban foglalja a k\u00f6vetkez\u0151 jogokat: k\u00e9rni, hogy az Adatkezel\u0151 indokolatlan k\u00e9sedelem n\u00e9lk\u00fcl helyesb\u00edtse az \u00c9rintettet \u00e9rint\u0151 pontatlan szem\u00e9lyes adatokat; a hi\u00e1nyos szem\u00e9lyes adatok kieg\u00e9sz\u00edt\u00e9s\u00e9hez val\u00f3 jogot, bele\u00e9rtve az \u00c9rintett kieg\u00e9sz\u00edt\u0151 nyilatkozat\u00e1t is; az \u00c9rintett szem\u00e9lyes adatainak t\u00f6rl\u00e9s\u00e9hez val\u00f3 jog\u00e1t (az \u00fagynevezett \u201eelfeledtet\u00e9shez val\u00f3 jog\u201d) a Rendelet 17. cikke szerint, amely mag\u00e1ban foglalja: <\/p><p style=\"text-align: left;\">10.1.5. joga van ahhoz, hogy az Adatkezel\u0151t\u0151l indokolatlan k\u00e9sedelem n\u00e9lk\u00fcl t\u00f6r\u00f6lje a r\u00e1 vonatkoz\u00f3 szem\u00e9lyes adatokat, ha az al\u00e1bbi okok valamelyike \u200b\u200bfenn\u00e1ll:<\/p><p style=\"text-align: left;\">a szem\u00e9lyes adatokra m\u00e1r nincs sz\u00fcks\u00e9g azokhoz a c\u00e9lokhoz, amelyekb\u0151l azokat gy\u0171jt\u00f6tt\u00e9k vagy m\u00e1s m\u00f3don kezelt\u00e9k, az \u00e9rintett visszavonja a hozz\u00e1j\u00e1rul\u00e1s\u00e1t, amely alapj\u00e1n az adatkezel\u00e9st v\u00e9gezt\u00e9k, felt\u00e9ve, hogy a szem\u00e9lyes adatok kezel\u00e9s\u00e9re nincs m\u00e1s jogalap, az \u00e9rintett a Rendelet 21. cikk (1) bekezd\u00e9se \u00e9rtelm\u00e9ben tiltakozik a szem\u00e9lyes adatok kezel\u00e9se ellen, \u00e9s nincs els\u0151bbs\u00e9get \u00e9lvez\u0151 jogszer\u0171 ok a szem\u00e9lyes adatok kezel\u00e9s\u00e9re, vagy az \u00e9rintett a Rendelet 21. cikk (2) bekezd\u00e9se \u00e9rtelm\u00e9ben tiltakozik a szem\u00e9lyes adatok kezel\u00e9se ellen, a szem\u00e9lyes adatokat jogellenesen kezelt\u00e9k, a szem\u00e9lyes adatokat az Adatkezel\u0151re alkalmazand\u00f3 eur\u00f3pai uni\u00f3s vagy tag\u00e1llami jog szerinti jogi k\u00f6telezetts\u00e9g teljes\u00edt\u00e9s\u00e9hez t\u00f6r\u00f6lni kell, a szem\u00e9lyes adatokat az inform\u00e1ci\u00f3s t\u00e1rsadalommal \u00f6sszef\u00fcgg\u0151 szolg\u00e1ltat\u00e1sok ny\u00fajt\u00e1s\u00e1val kapcsolatban gy\u0171jt\u00f6tt\u00e9k a Rendelet 8. cikk (1) bekezd\u00e9se \u00e9rtelm\u00e9ben;   <\/p><p style=\"text-align: left;\">10.1.6. a jog arra, hogy az \u00c9rintett szem\u00e9lyes adatait nyilv\u00e1noss\u00e1gra hoz\u00f3 Adatkezel\u0151t\u0151l \u2013 figyelembe v\u00e9ve az el\u00e9rhet\u0151 technol\u00f3gi\u00e1t \u00e9s a megval\u00f3s\u00edt\u00e1s k\u00f6lts\u00e9geit \u2013 \u00e9sszer\u0171 int\u00e9zked\u00e9seket \u2013 tegyen annak \u00e9rdek\u00e9ben, hogy t\u00e1j\u00e9koztassa a szem\u00e9lyes adatokat kezel\u0151 t\u00f6bbi adatkezel\u0151t arr\u00f3l, hogy az \u00c9rintett k\u00e9relmezte a sz\u00f3ban forg\u00f3 szem\u00e9lyes adatokra mutat\u00f3 \u00f6sszes link vagy e szem\u00e9lyes adatok m\u00e1solat\u00e1nak, illetve m\u00e1sodp\u00e9ld\u00e1ny\u00e1nak t\u00f6rl\u00e9s\u00e9t, azzal a felt\u00e9tellel, hogy a Rendelet 17. cikk (1) \u00e9s (2) bekezd\u00e9se szerinti jogok hat\u00e1lya al\u00e1 tartoz\u00f3 szem\u00e9lyes adatok t\u00f6rl\u00e9s\u00e9hez val\u00f3 jog nem alkalmazhat\u00f3, ha a szem\u00e9lyes adatok kezel\u00e9se a k\u00f6vetkez\u0151kh\u00f6z sz\u00fcks\u00e9ges:<\/p><p style=\"text-align: left;\">10.1.7. a v\u00e9lem\u00e9nynyilv\u00e1n\u00edt\u00e1s \u00e9s a t\u00e1j\u00e9koz\u00f3d\u00e1s szabads\u00e1g\u00e1hoz val\u00f3 jog gyakorl\u00e1sa.<\/p><p style=\"text-align: left;\">10.1.8. az adatkezel\u00e9st el\u0151\u00edr\u00f3, az Adatkezel\u0151re alkalmazand\u00f3 uni\u00f3s vagy tag\u00e1llami jog szerinti jogi k\u00f6telezetts\u00e9g teljes\u00edt\u00e9se, illetve k\u00f6z\u00e9rdekb\u0151l vagy az Adatkezel\u0151re ruh\u00e1zott k\u00f6zhatalmi jogos\u00edtv\u00e1ny gyakorl\u00e1sa keret\u00e9ben v\u00e9gzett feladat v\u00e9grehajt\u00e1sa.<\/p><p style=\"text-align: left;\">10.1.9.a Rendelet 9. cikke (2) bekezd\u00e9s\u00e9nek h) \u00e9s i) pontj\u00e1val, valamint a 9. cikk (3) bekezd\u00e9s\u00e9vel \u00f6sszhangban a k\u00f6zeg\u00e9szs\u00e9g\u00fcgy ter\u00fclet\u00e9t \u00e9rint\u0151 k\u00f6z\u00e9rdek\u0171 okokb\u00f3l.    <\/p><p style=\"text-align: left;\">10.1.10. k\u00f6z\u00e9rdek\u0171 archiv\u00e1l\u00e1s c\u00e9lj\u00e1b\u00f3l, tudom\u00e1nyos vagy t\u00f6rt\u00e9nelmi kutat\u00e1si c\u00e9lb\u00f3l vagy statisztikai c\u00e9lb\u00f3l a 89. cikk (1) bekezd\u00e9se \u00e9rtelm\u00e9ben. 1. rendelet, amennyiben val\u00f3sz\u00edn\u0171s\u00edthet\u0151, hogy a 17. cikk (1) bekezd\u00e9s\u00e9ben eml\u00edtett jog 1. A Rendelet lehetetlenn\u00e9 teszi vagy komolyan megnehez\u00edti a szem\u00e9lyes adatok ilyen kezel\u00e9s\u00e9nek c\u00e9ljainak el\u00e9r\u00e9s\u00e9t; vagy jogi ig\u00e9nyek el\u0151terjeszt\u00e9s\u00e9t, \u00e9rv\u00e9nyes\u00edt\u00e9s\u00e9t vagy v\u00e9delm\u00e9t;<\/p><p style=\"text-align: left;\">10.1.11. az \u00c9rintett joga a szem\u00e9lyes adatai kezel\u00e9s\u00e9nek korl\u00e1toz\u00e1s\u00e1hoz a Rendelet 18. cikke alapj\u00e1n, amelynek tartalma a k\u00f6vetkez\u0151:<\/p><p style=\"text-align: left;\">10.1.12. joga van ahhoz, hogy k\u00e9r\u00e9s\u00e9re az Adatkezel\u0151 korl\u00e1tozza a szem\u00e9lyes adatok kezel\u00e9s\u00e9t, ha az al\u00e1bbiak valamelyike \u200b\u200bteljes\u00fcl: az \u00e9rintett vitatja a szem\u00e9lyes adatok pontoss\u00e1g\u00e1t, ez esetben a korl\u00e1toz\u00e1s arra az id\u0151tartamra vonatkozik, amely lehet\u0151v\u00e9 teszi az Adatkezel\u0151 sz\u00e1m\u00e1ra a szem\u00e9lyes adatok pontoss\u00e1g\u00e1nak ellen\u0151rz\u00e9s\u00e9t; a szem\u00e9lyes adatok kezel\u00e9se jogellenes, \u00e9s az \u00e9rintett ellenzi a szem\u00e9lyes adatok t\u00f6rl\u00e9s\u00e9t, \u00e9s ehelyett k\u00e9ri azok felhaszn\u00e1l\u00e1s\u00e1nak korl\u00e1toz\u00e1s\u00e1t; az \u00e9rintettnek m\u00e1r nincs sz\u00fcks\u00e9ge a szem\u00e9lyes adatokra adatkezel\u00e9s c\u00e9lj\u00e1b\u00f3l, de sz\u00fcks\u00e9ge van azokra jogi ig\u00e9nyek el\u0151terjeszt\u00e9s\u00e9hez, \u00e9rv\u00e9nyes\u00edt\u00e9s\u00e9hez vagy v\u00e9delm\u00e9hez; az \u00e9rintett a GDPR 21. cikk\u00e9nek (1) bekezd\u00e9se alapj\u00e1n tiltakozott az adatkezel\u00e9s ellen. 1. a Rendelet \u00e9rtelm\u00e9ben, am\u00edg meg\u00e1llap\u00edt\u00e1sra nem ker\u00fcl, hogy az Adatkezel\u0151 jogos indokai els\u0151bbs\u00e9get \u00e9lveznek-e az \u00c9rintett indokaival szemben;<\/p><p style=\"text-align: left;\">10.1.13. a jog, hogy az ilyen korl\u00e1tozott szem\u00e9lyes adatokat \u2013 a t\u00e1rol\u00e1s kiv\u00e9tel\u00e9vel \u2013 csak az \u00c9rintett hozz\u00e1j\u00e1rul\u00e1s\u00e1val, vagy jogi ig\u00e9nyek el\u0151terjeszt\u00e9s\u00e9hez, \u00e9rv\u00e9nyes\u00edt\u00e9s\u00e9hez vagy v\u00e9delm\u00e9hez, illetve m\u00e1s term\u00e9szetes vagy jogi szem\u00e9ly jogainak v\u00e9delme \u00e9rdek\u00e9ben, vagy az Eur\u00f3pai Uni\u00f3, illetve valamely tag\u00e1llam fontos k\u00f6z\u00e9rdek\u00e9b\u0151l kezelje;<\/p><p style=\"text-align: left;\">10.1.14. a szem\u00e9lyes adatok kezel\u00e9s\u00e9re vonatkoz\u00f3 korl\u00e1toz\u00e1sok felold\u00e1s\u00e1r\u00f3l sz\u00f3l\u00f3 el\u0151zetes t\u00e1j\u00e9koztat\u00e1shoz val\u00f3 jog;<\/p><p style=\"text-align: left;\">10.1.15. az \u00c9rintett joga a c\u00edmzettekkel szembeni \u00e9rtes\u00edt\u00e9si k\u00f6telezetts\u00e9g teljes\u00edt\u00e9s\u00e9hez a Rendelet 19. cikke alapj\u00e1n, amely mag\u00e1ban foglalja: az Adatkezel\u0151 jog\u00e1t arra, hogy minden olyan c\u00edmzettet \u00e9rtes\u00edtsen, akinek a szem\u00e9lyes adatot megadta, a szem\u00e9lyes adatok helyesb\u00edt\u00e9s\u00e9r\u0151l, t\u00f6rl\u00e9s\u00e9r\u0151l vagy az adatkezel\u00e9s korl\u00e1toz\u00e1s\u00e1r\u00f3l a 16. cikk, a 17. cikk (1) bekezd\u00e9s a) pontja alapj\u00e1n. 1. \u00e9s a Rendelet 18. cikke \u00e9rtelm\u00e9ben, kiv\u00e9ve, ha ez lehetetlennek bizonyul, vagy ar\u00e1nytalanul nagy er\u0151fesz\u00edt\u00e9st ig\u00e9nyel, az Adatkezel\u0151 joga, hogy az \u00c9rintettet k\u00e9r\u00e9s\u00e9re t\u00e1j\u00e9koztassa ezekr\u0151l a c\u00edmzettekr\u0151l;<\/p><p style=\"text-align: left;\">10.1.16. az \u00c9rintett adathordozhat\u00f3s\u00e1ghoz val\u00f3 joga a Rendelet 20. cikke szerint, amely mag\u00e1ban foglalja: a jogot arra, hogy az \u00c9rintettre vonatkoz\u00f3, \u00e1ltala az Adatkezel\u0151 rendelkez\u00e9s\u00e9re bocs\u00e1tott szem\u00e9lyes adatokat tagolt, sz\u00e9les k\u00f6rben haszn\u00e1lt, g\u00e9ppel olvashat\u00f3 form\u00e1tumban megkapja, valamint a jogot arra, hogy ezeket az adatokat egy m\u00e1sik adatkezel\u0151nek tov\u00e1bb\u00edtsa an\u00e9lk\u00fcl, hogy az Adatkezel\u0151 ezt akad\u00e1lyozn\u00e1, ha:<\/p><p style=\"text-align: left;\">a\/ az adatkezel\u00e9s az \u00c9rintettnek a Rendelet 6. cikk (1) bekezd\u00e9s a) pontja vagy a Rendelet 9. cikk (2) bekezd\u00e9s a) pontja szerinti hozz\u00e1j\u00e1rul\u00e1s\u00e1n, vagy a Rendelet 6. cikk (1) bekezd\u00e9s b) pontja szerinti szerz\u0151d\u00e9sen alapul, \u00e9s egyidej\u0171leg      <\/p><p style=\"text-align: left;\">b\/ az adatkezel\u00e9s automatiz\u00e1lt m\u00f3don t\u00f6rt\u00e9nik, \u00e9s egyidej\u0171leg:<\/p><p style=\"text-align: left;\">10.1.17. a jog ahhoz, hogy a szem\u00e9lyes adatait tagolt, sz\u00e9les k\u00f6rben haszn\u00e1lt, g\u00e9ppel olvashat\u00f3 form\u00e1tumban megkapja, valamint ahhoz, hogy ezeket az adatokat egy m\u00e1sik adatkezel\u0151nek tov\u00e1bb\u00edtsa an\u00e9lk\u00fcl, hogy az Adatkezel\u0151 ezt akad\u00e1lyozn\u00e1, \u00e9s ami nem \u00e9rinti h\u00e1tr\u00e1nyosan m\u00e1sok jogait \u00e9s szabads\u00e1gait;<\/p><p style=\"text-align: left;\">10.1.18. a szem\u00e9lyes adatok adatkezel\u0151k k\u00f6z\u00f6tti k\u00f6zvetlen tov\u00e1bb\u00edt\u00e1s\u00e1nak joga, ha ez technikailag megval\u00f3s\u00edthat\u00f3;<\/p><p style=\"text-align: left;\">10.1.19. az \u00c9rintett tiltakoz\u00e1shoz val\u00f3 joga a Rendelet 21. cikke alapj\u00e1n, amely a k\u00f6vetkez\u0151ket tartalmazza:<\/p><p style=\"text-align: left;\">10.1.20. az \u00c9rintett azon joga, hogy a saj\u00e1t helyzet\u00e9vel kapcsolatos okokb\u00f3l b\u00e1rmikor tiltakozzon a r\u00e1 vonatkoz\u00f3 szem\u00e9lyes adatok kezel\u00e9se ellen, amely a GDPR 6. cikk\u00e9nek (1) bekezd\u00e9se alapj\u00e1n t\u00f6rt\u00e9nik. 1. a Rendelet e) vagy f) pontj\u00e1ban foglaltak alapj\u00e1n, bele\u00e9rtve a Rendelet ezen rendelkez\u00e9sein alapul\u00f3 profilalkot\u00e1s elleni tiltakoz\u00e1st is;  <\/p><p style=\"text-align: left;\">10.1.21. amennyiben az \u00c9rintett b\u00e1rmikor gyakorolja a tiltakoz\u00e1shoz val\u00f3 jog\u00e1t, az \u00c9rintett saj\u00e1tos helyzet\u00e9vel kapcsolatos okokb\u00f3l, a szem\u00e9lyes adatoknak a GDPR 6. cikk (1) bekezd\u00e9s\u00e9n alapul\u00f3 kezel\u00e9se ellen. 1. a Rendelet e) vagy f) pontj\u00e1ban foglaltak, bele\u00e9rtve a profilalkot\u00e1s elleni tiltakoz\u00e1st a Rendelet ezen rendelkez\u00e9sei alapj\u00e1n, az \u00dczemeltet\u0151 azon jog\u00e1t, hogy a tov\u00e1bbiakban ne kezelje az \u00c9rintett szem\u00e9lyes adatait, kiv\u00e9ve, ha az \u00dczemeltet\u0151 bizony\u00edtja, hogy az adatkezel\u00e9st olyan k\u00e9nyszer\u00edt\u0151 erej\u0171 jogos okok indokolj\u00e1k, amelyek els\u0151bbs\u00e9get \u00e9lveznek az \u00c9rintett \u00e9rdekeivel, jogaival \u00e9s szabads\u00e1gaival szemben, vagy amelyek jogi ig\u00e9nyek el\u0151terjeszt\u00e9s\u00e9hez, \u00e9rv\u00e9nyes\u00edt\u00e9s\u00e9hez vagy v\u00e9delm\u00e9hez kapcsol\u00f3dnak.  <\/p><p style=\"text-align: left;\">10.1.22. az \u00c9rintett azon joga, hogy b\u00e1rmikor tiltakozzon szem\u00e9lyes adatainak k\u00f6zvetlen \u00fczletszerz\u00e9s c\u00e9lj\u00e1b\u00f3l t\u00f6rt\u00e9n\u0151 kezel\u00e9se ellen, ide\u00e9rtve a profilalkot\u00e1st is, amennyiben az a k\u00f6zvetlen \u00fczletszerz\u00e9shez kapcsol\u00f3dik; azonban, ha az \u00c9rintett tiltakozik a szem\u00e9lyes adatok k\u00f6zvetlen \u00fczletszerz\u00e9s c\u00e9lj\u00e1b\u00f3l t\u00f6rt\u00e9n\u0151 kezel\u00e9se ellen, a szem\u00e9lyes adatokat a tov\u00e1bbiakban e c\u00e9lb\u00f3l nem lehet kezelni;<\/p><p style=\"text-align: left;\">10.1.23. az inform\u00e1ci\u00f3s t\u00e1rsadalommal \u00f6sszef\u00fcgg\u0151 szolg\u00e1ltat\u00e1sok ig\u00e9nybev\u00e9tel\u00e9vel \u00f6sszef\u00fcgg\u00e9sben a szem\u00e9lyes adatok automatiz\u00e1lt eszk\u00f6z\u00f6kkel, m\u0171szaki el\u0151\u00edr\u00e1sok alkalmaz\u00e1s\u00e1val t\u00f6rt\u00e9n\u0151 kezel\u00e9se elleni tiltakoz\u00e1s jog\u00e1nak gyakorl\u00e1s\u00e1hoz val\u00f3 jog;<\/p><p style=\"text-align: left;\">10.1.24. az \u00c9rintett azon joga, hogy a saj\u00e1t helyzet\u00e9vel kapcsolatos okokb\u00f3l tiltakozzon szem\u00e9lyes adatainak kezel\u00e9se ellen, ha a szem\u00e9lyes adatokat tudom\u00e1nyos \u00e9s t\u00f6rt\u00e9nelmi kutat\u00e1si c\u00e9lb\u00f3l vagy statisztikai c\u00e9lb\u00f3l kezelik a 89. cikk (1) bekezd\u00e9se \u00e9rtelm\u00e9ben. 1. rendeletek, kiv\u00e9ve, ha az adatkezel\u00e9s k\u00f6z\u00e9rdek\u0171 okokb\u00f3l v\u00e9gzett feladat v\u00e9grehajt\u00e1s\u00e1hoz sz\u00fcks\u00e9ges;<\/p><p style=\"text-align: left;\">10.1.25. az \u00c9rintett automatiz\u00e1lt d\u00f6nt\u00e9shozatallal kapcsolatos joga a Rendelet 22. cikke alapj\u00e1n, amelynek tartalma a k\u00f6vetkez\u0151:<\/p><p style=\"text-align: left;\">10.1.26. a jog ahhoz, hogy ne terjedjen ki r\u00e1 az olyan, kiz\u00e1r\u00f3lag automatiz\u00e1lt adatkezel\u00e9sen \u2013 ide\u00e9rtve a profilalkot\u00e1st is \u2013 alapul\u00f3 d\u00f6nt\u00e9s hat\u00e1lya, amely r\u00e1 n\u00e9zve joghat\u00e1ssal j\u00e1rna vagy \u0151t hasonl\u00f3an jelent\u0151s m\u00e9rt\u00e9kben \u00e9rinten\u00e9, kiv\u00e9ve a 22. cikk (1) bekezd\u00e9s\u00e9ben foglalt eseteket. 2. Rendeletek [azaz kiv\u00e9ve, ha a d\u00f6nt\u00e9s: (a) az \u00c9rintett \u00e9s az Adatkezel\u0151 k\u00f6z\u00f6tti szerz\u0151d\u00e9s megk\u00f6t\u00e9s\u00e9hez vagy teljes\u00edt\u00e9s\u00e9hez sz\u00fcks\u00e9ges,<\/p><p style=\"text-align: left;\">10.1.27. az Eur\u00f3pai Uni\u00f3 joga vagy az Adatkezel\u0151re alkalmazand\u00f3 tag\u00e1llam joga \u00e1ltal megengedett, \u00e9s amely az \u00c9rintett jogainak \u00e9s szabads\u00e1gainak, valamint jogos \u00e9rdekeinek v\u00e9delm\u00e9t szolg\u00e1l\u00f3 megfelel\u0151 int\u00e9zked\u00e9seket is meg\u00e1llap\u00edt, vagy (c) az \u00c9rintett kifejezett hozz\u00e1j\u00e1rul\u00e1s\u00e1n alapul.<\/p><p style=\"text-align: left;\"><strong> <\/strong><\/p><p style=\"text-align: left;\"><strong><u>11. T\u00e1j\u00e9koztat\u00e1s az \u00c9rintett azon jog\u00e1r\u00f3l, hogy visszavonhatja hozz\u00e1j\u00e1rul\u00e1s\u00e1t a szem\u00e9lyes adatok kezel\u00e9s\u00e9hez:<\/u><\/strong><\/p><p style=\"text-align: left;\">11.1. Az \u00e9rintett jogosult arra, hogy szem\u00e9lyes adatainak kezel\u00e9s\u00e9hez adott hozz\u00e1j\u00e1rul\u00e1s\u00e1t b\u00e1rmikor visszavonja, amely nem \u00e9rinti a visszavon\u00e1s el\u0151tt adott hozz\u00e1j\u00e1rul\u00e1son alapul\u00f3 szem\u00e9lyesadat-kezel\u00e9s jogszer\u0171s\u00e9g\u00e9t.<\/p><p style=\"text-align: left;\">Az \u00e9rintett jogosult a szem\u00e9lyes adatainak kezel\u00e9s\u00e9hez adott hozz\u00e1j\u00e1rul\u00e1s\u00e1t b\u00e1rmikor, eg\u00e9szben vagy r\u00e9szben visszavonni. A szem\u00e9lyes adatok kezel\u00e9s\u00e9hez adott hozz\u00e1j\u00e1rul\u00e1s r\u00e9szleges visszavon\u00e1sa bizonyos t\u00edpus\u00fa adatkezel\u00e9si m\u0171velet(eke)t \u00e9rinthet, mik\u00f6zben a szem\u00e9lyes adatok kezel\u00e9s\u00e9nek jogszer\u0171s\u00e9ge a fennmarad\u00f3 adatkezel\u00e9si m\u0171veletek tekintet\u00e9ben nem v\u00e1ltozik. A szem\u00e9lyes adatok kezel\u00e9s\u00e9hez adott hozz\u00e1j\u00e1rul\u00e1s r\u00e9szleges visszavon\u00e1sa a szem\u00e9lyes adatok kezel\u00e9s\u00e9nek bizonyos konkr\u00e9t c\u00e9lj\u00e1ra\/c\u00e9ljaira vonatkozhat, m\u00edg a szem\u00e9lyes adatok m\u00e1s c\u00e9lokra t\u00f6rt\u00e9n\u0151 kezel\u00e9s\u00e9nek jogszer\u0171s\u00e9ge nem v\u00e1ltozik.  <\/p><p style=\"text-align: left;\">Az \u00c9rintett a szem\u00e9lyes adatok kezel\u00e9s\u00e9hez adott hozz\u00e1j\u00e1rul\u00e1s visszavon\u00e1s\u00e1hoz val\u00f3 jog\u00e1t \u00edr\u00e1sban gyakorolhatja az \u00dczemeltet\u0151 azon c\u00edm\u00e9n, amely a szem\u00e9lyes adatok kezel\u00e9s\u00e9hez val\u00f3 hozz\u00e1j\u00e1rul\u00e1s visszavon\u00e1sakor a c\u00e9gjegyz\u00e9kben sz\u00e9khelyk\u00e9nt van bejegyezve, vagy elektronikus form\u00e1ban elektronikus \u00faton (e-mail k\u00fcld\u00e9s\u00e9vel az \u00dczemeltet\u0151 jelen dokumentumban az \u00dczemeltet\u0151 azonos\u00edt\u00f3j\u00e1ban megadott e-mail c\u00edm\u00e9re).<\/p><p style=\"text-align: left;\"><strong> <\/strong><\/p><p style=\"text-align: left;\"><strong><u>12. T\u00e1j\u00e9koztat\u00e1s az \u00c9rintett azon jog\u00e1r\u00f3l, hogy panaszt ny\u00fajthat be a fel\u00fcgyeleti hat\u00f3s\u00e1ghoz:<\/u><\/strong><\/p><p style=\"text-align: left;\">12.1. Az \u00e9rintett jogosult panaszt beny\u00fajtani egy fel\u00fcgyeleti hat\u00f3s\u00e1ghoz \u2013 k\u00fcl\u00f6n\u00f6sen a szok\u00e1sos tart\u00f3zkod\u00e1si helye, a munkahelye vagy a felt\u00e9telezett jogs\u00e9rt\u00e9s helye szerinti tag\u00e1llamban \u2013, ha meg\u00edt\u00e9l\u00e9se szerint az \u0151t \u00e9rint\u0151 szem\u00e9lyes adatok kezel\u00e9se megs\u00e9rti a Rendeletet, nem s\u00e9relme n\u00e9lk\u00fcl b\u00e1rmely m\u00e1s k\u00f6zigazgat\u00e1si vagy b\u00edr\u00f3s\u00e1gi jogorvoslatnak.<\/p><p style=\"text-align: left;\">Az \u00e9rintett jogosult arra, hogy a panaszt kezel\u0151 fel\u00fcgyeleti hat\u00f3s\u00e1g t\u00e1j\u00e9koztassa \u0151t a panaszkezel\u00e9s fejlem\u00e9nyeir\u0151l \u00e9s eredm\u00e9ny\u00e9r\u0151l, bele\u00e9rtve a Rendelet 78. cikke szerinti b\u00edr\u00f3s\u00e1gi jogorvoslati lehet\u0151s\u00e9g\u00e9t is.<\/p><p style=\"text-align: left;\">12.2. A Szlov\u00e1k K\u00f6zt\u00e1rsas\u00e1gban a fel\u00fcgyeleti hat\u00f3s\u00e1g a Szlov\u00e1k K\u00f6zt\u00e1rsas\u00e1g Szem\u00e9lyes Adatv\u00e9delmi Hivatala.<\/p><p style=\"text-align: left;\"><strong> <\/strong><\/p><p style=\"text-align: left;\"><strong><u>13. Inform\u00e1ci\u00f3k az \u00c9rintett szem\u00e9lyes adatok megad\u00e1s\u00e1ra vonatkoz\u00f3 k\u00f6telezetts\u00e9g\u00e9nek fenn\u00e1ll\u00e1s\u00e1r\u00f3l\/hi\u00e1ny\u00e1r\u00f3l, valamint az automatiz\u00e1lt d\u00f6nt\u00e9shozatallal, bele\u00e9rtve a profilalkot\u00e1st is, kapcsolatos inform\u00e1ci\u00f3k:<\/u><\/strong><\/p><p style=\"text-align: left;\">13.1. Az \u00dczemeltet\u0151 t\u00e1j\u00e9koztatja az \u00c9rintettet, hogy az \u00c9rintett szem\u00e9lyes adatainak megad\u00e1sa sz\u00fcks\u00e9ges az ad\u00e1sv\u00e9teli szerz\u0151d\u00e9s megk\u00f6t\u00e9s\u00e9hez \u00e9s teljes\u00edt\u00e9s\u00e9hez. Az \u00dczemeltet\u0151 t\u00e1j\u00e9koztatja az \u00c9rintettet, hogy az \u00c9rintett nem k\u00f6teles szem\u00e9lyes adatokat megadni vagy azok kezel\u00e9s\u00e9hez hozz\u00e1j\u00e1rul\u00e1st adni. A szem\u00e9lyes adatok megad\u00e1s\u00e1nak elmarad\u00e1sa \u00e9s\/vagy a szem\u00e9lyes adatok kezel\u00e9s\u00e9hez val\u00f3 hozz\u00e1j\u00e1rul\u00e1s elmarad\u00e1sa azt eredm\u00e9nyezi, hogy az \u00dczemeltet\u0151 nem tudja megk\u00f6tni \u00e9s teljes\u00edteni az ad\u00e1sv\u00e9teli szerz\u0151d\u00e9st.  <\/p><p style=\"text-align: left;\">13.2. Mivel az \u00dczemeltet\u0151 eset\u00e9ben az \u00c9rintett szem\u00e9lyes adatainak automatiz\u00e1lt d\u00f6nt\u00e9shozatal form\u00e1j\u00e1ban t\u00f6rt\u00e9n\u0151 kezel\u00e9se nem t\u00f6rt\u00e9nik, bele\u00e9rtve a 22. cikk (1) bekezd\u00e9s\u00e9ben eml\u00edtett profilalkot\u00e1st is. 1. \u00e9s a Rendelet 4. pontja \u00e9rtelm\u00e9ben az \u00dczemeltet\u0151 nem k\u00f6teles inform\u00e1ci\u00f3t szolg\u00e1ltatni a Rendelet 13. cikk (2) bekezd\u00e9s f) pontja alapj\u00e1n, azaz inform\u00e1ci\u00f3t az automatiz\u00e1lt d\u00f6nt\u00e9shozatalr\u00f3l, bele\u00e9rtve a profilalkot\u00e1st is, \u00e9s az alkalmazott elj\u00e1r\u00e1sr\u00f3l, valamint az ilyen szem\u00e9lyesadat-kezel\u00e9snek az \u00c9rintettre n\u00e9zve jelent\u0151s\u00e9g\u00e9r\u0151l \u00e9s el\u0151rel\u00e1that\u00f3 k\u00f6vetkezm\u00e9nyeir\u0151l. Nem alkalmazand\u00f3.      <\/p><p style=\"text-align: left;\"><strong><u>14. Z\u00e1r\u00f3 rendelkez\u00e9sek<\/u><\/strong><\/p><p style=\"text-align: left;\">14.1. A szem\u00e9lyes adatok v\u00e9delm\u00e9re vonatkoz\u00f3 ezen alapelvek \u00e9s utas\u00edt\u00e1sok, valamint a s\u00fctikre vonatkoz\u00f3 utas\u00edt\u00e1sok az \u00c1ltal\u00e1nos Szerz\u0151d\u00e9si Felt\u00e9telek szerves r\u00e9sz\u00e9t k\u00e9pezik. A jelen online \u00e1ruh\u00e1z \u00c1ltal\u00e1nos Szerz\u0151d\u00e9si Felt\u00e9telei dokumentumok az Elad\u00f3 online \u00e1ruh\u00e1z\u00e1nak domainj\u00e9n ker\u00fclnek k\u00f6zz\u00e9t\u00e9telre. <\/p><p style=\"text-align: left;\">14.2. Jelen szem\u00e9lyesadat-v\u00e9delmi elvek az Elad\u00f3 online \u00e1ruh\u00e1z\u00e1ban val\u00f3 k\u00f6zz\u00e9t\u00e9tel\u00fckkor, 2024.05.06-\u00e1n l\u00e9pnek hat\u00e1lyba.<\/p>\n\t\t\t\t\t<\/div>\n\t\t\t\t\t\t<\/div>\n\t\t\t\t<\/div>\n\t\t\t\t\t<\/div>\n\t\t\t\t<\/div>\n\t\t\t\t<\/div>\n\t\t","protected":false},"excerpt":{"rendered":"<p>SCHUTZ PERSONENBEZOGENER DATEN \/ Grunds\u00e4tze und Hinweise zum Schutz personenbezogener Daten, die der Betreiber dem Betroffenen bei der Erhebung personenbezogener<\/p>\n","protected":false},"author":2,"featured_media":0,"parent":0,"menu_order":0,"comment_status":"closed","ping_status":"closed","template":"","meta":{"footnotes":""},"class_list":["post-13024","page","type-page","status-publish","hentry"],"_links":{"self":[{"href":"https:\/\/getlux.sk\/hu\/wp-json\/wp\/v2\/pages\/13024","targetHints":{"allow":["GET"]}}],"collection":[{"href":"https:\/\/getlux.sk\/hu\/wp-json\/wp\/v2\/pages"}],"about":[{"href":"https:\/\/getlux.sk\/hu\/wp-json\/wp\/v2\/types\/page"}],"author":[{"embeddable":true,"href":"https:\/\/getlux.sk\/hu\/wp-json\/wp\/v2\/users\/2"}],"replies":[{"embeddable":true,"href":"https:\/\/getlux.sk\/hu\/wp-json\/wp\/v2\/comments?post=13024"}],"version-history":[{"count":1,"href":"https:\/\/getlux.sk\/hu\/wp-json\/wp\/v2\/pages\/13024\/revisions"}],"predecessor-version":[{"id":13025,"href":"https:\/\/getlux.sk\/hu\/wp-json\/wp\/v2\/pages\/13024\/revisions\/13025"}],"wp:attachment":[{"href":"https:\/\/getlux.sk\/hu\/wp-json\/wp\/v2\/media?parent=13024"}],"curies":[{"name":"wp","href":"https:\/\/api.w.org\/{rel}","templated":true}]}}